{"id":154,"date":"2018-01-30T19:38:25","date_gmt":"2018-01-30T18:38:25","guid":{"rendered":"https:\/\/www.musicapalazzo.com\/?page_id=154"},"modified":"2026-01-29T13:30:23","modified_gmt":"2026-01-29T12:30:23","slug":"f-a-q","status":"publish","type":"page","link":"https:\/\/www.musicapalazzo.com\/it\/f-a-q\/","title":{"rendered":"FAQ"},"content":{"rendered":"<div class=\"wpb-content-wrapper\"><p>[vc_row][vc_column offset=&#8221;vc_col-lg-8 vc_col-md-10&#8243;][vc_column_text]<\/p>\n<h1>FAQ<\/h1>\n<p>[\/vc_column_text][vc_empty_space height=&#8221;64px&#8221;]<div class=\"edgtf-accordion-holder clearfix edgtf-accordion edgtf-initial \">\n\t<h3 class=\"clearfix edgtf-title-holder\">\n\t<span class=\"edgtf-acc-gradient\"><\/span>\n\t<span class=\"edgtf-tab-title\">\n\t\t<span class=\"edgtf-tab-title-inner\">\n\t\t\tQuali sono le modalit\u00e0 per riservare un posto?\t\t<\/span>\n\t<\/span>\n\t<span class=\"edgtf-accordion-mark\">\n\t\t<span class=\"edgtf-accordion-mark-icon\">\n\t\t\t<span class=\"icon_plus\"><\/span>\n\t\t\t<span class=\"icon_minus-06\"><\/span>\n\t\t<\/span>\n\t<\/span>\n<\/h3>\n<div class=\"edgtf-accordion-content\">\n\t<div class=\"edgtf-accordion-content-inner\">\n\t\t[vc_column_text]\u00c8 possibile effettuare una richiesta di prenotazione cliccando sul pulsante &#8220;prenota&#8221; nel menu, nell&#8217;home page e nelle schede degli spettacoli. Se preferite potete prenotare telefonando al numero +39 340 97 17 272 (09:00 \u2013 19:00 ora italiana).[\/vc_column_text]\t<\/div>\n<\/div><h3 class=\"clearfix edgtf-title-holder\">\n\t<span class=\"edgtf-acc-gradient\"><\/span>\n\t<span class=\"edgtf-tab-title\">\n\t\t<span class=\"edgtf-tab-title-inner\">\n\t\t\tI posti sono numerati? Come scelgo il mio posto?\t\t<\/span>\n\t<\/span>\n\t<span class=\"edgtf-accordion-mark\">\n\t\t<span class=\"edgtf-accordion-mark-icon\">\n\t\t\t<span class=\"icon_plus\"><\/span>\n\t\t\t<span class=\"icon_minus-06\"><\/span>\n\t\t<\/span>\n\t<\/span>\n<\/h3>\n<div class=\"edgtf-accordion-content\">\n\t<div class=\"edgtf-accordion-content-inner\">\n\t\t[vc_column_text]I posti non sono numerati e non \u00e8 possibile sceglierli in anticipo. Sar\u00e0 possibile scegliere il proprio posto a sedere dopo aver consegnato la richiesta di iscrizione all&#8217;Associazione Musica a Palazzo.[\/vc_column_text]\t<\/div>\n<\/div><h3 class=\"clearfix edgtf-title-holder\">\n\t<span class=\"edgtf-acc-gradient\"><\/span>\n\t<span class=\"edgtf-tab-title\">\n\t\t<span class=\"edgtf-tab-title-inner\">\n\t\t\tPer accedere a Musica a Palazzo dovr\u00f2 compilare un modulo e acquistare la tessera associativa, di cosa si tratta?\t\t<\/span>\n\t<\/span>\n\t<span class=\"edgtf-accordion-mark\">\n\t\t<span class=\"edgtf-accordion-mark-icon\">\n\t\t\t<span class=\"icon_plus\"><\/span>\n\t\t\t<span class=\"icon_minus-06\"><\/span>\n\t\t<\/span>\n\t<\/span>\n<\/h3>\n<div class=\"edgtf-accordion-content\">\n\t<div class=\"edgtf-accordion-content-inner\">\n\t\t[vc_column_text]Musica a Palazzo \u00e8 un\u2019attivit\u00e0 promossa dall\u2019associazione culturale Dimensione Lirica. Per partecipare \u00e8 necessario essere registrati come soci.<br \/>\n\u00c8 possibile diventare soci compilando il modulo di ammissione con i propri dati; ci\u00f2 permetter\u00e0 di ricevere la propria tessera associativa personale, valida per l&#8217;anno sociale in corso (che termina il 31 dicembre). Il costo della tessera associativa \u00e8 di 95 euro a persona.<br \/>\nPer ulteriori informazioni potete contattarci tramite email all&#8217;indirizzo\u00a0<a href=\"mailto:info@musicapalazzo.com\" target=\"_blank\" rel=\"noopener\">info@musicapalazzo.com<\/a>[\/vc_column_text]\t<\/div>\n<\/div><h3 class=\"clearfix edgtf-title-holder\">\n\t<span class=\"edgtf-acc-gradient\"><\/span>\n\t<span class=\"edgtf-tab-title\">\n\t\t<span class=\"edgtf-tab-title-inner\">\n\t\t\tQuando devo compilare il modulo di ammissione?\t\t<\/span>\n\t<\/span>\n\t<span class=\"edgtf-accordion-mark\">\n\t\t<span class=\"edgtf-accordion-mark-icon\">\n\t\t\t<span class=\"icon_plus\"><\/span>\n\t\t\t<span class=\"icon_minus-06\"><\/span>\n\t\t<\/span>\n\t<\/span>\n<\/h3>\n<div class=\"edgtf-accordion-content\">\n\t<div class=\"edgtf-accordion-content-inner\">\n\t\t[vc_column_text css=&#8221;&#8221;]Il modulo viene compilato prima di partecipare alle attivit\u00e0 di Musica a Palazzo. Pu\u00f2 essere compilato all\u2019ingresso ma per evitare code \u00e8 possibile compilarlo in anticipo stampando l\u2019allegato che vi verr\u00e0 inviato insieme alla conferma della vostra prenotazione. Il modulo \u00e8 inoltre scaricabile da <a href=\"https:\/\/www.musicapalazzo.com\/files\/musicapalazzo.com\/2026\/01\/Membership_Application.pdf\" target=\"_blank\" rel=\"noopener noreferrer\">questo link<\/a>.[\/vc_column_text]\t<\/div>\n<\/div><h3 class=\"clearfix edgtf-title-holder\">\n\t<span class=\"edgtf-acc-gradient\"><\/span>\n\t<span class=\"edgtf-tab-title\">\n\t\t<span class=\"edgtf-tab-title-inner\">\n\t\t\tI miei dati verranno comunicati a terzi?\t\t<\/span>\n\t<\/span>\n\t<span class=\"edgtf-accordion-mark\">\n\t\t<span class=\"edgtf-accordion-mark-icon\">\n\t\t\t<span class=\"icon_plus\"><\/span>\n\t\t\t<span class=\"icon_minus-06\"><\/span>\n\t\t<\/span>\n\t<\/span>\n<\/h3>\n<div class=\"edgtf-accordion-content\">\n\t<div class=\"edgtf-accordion-content-inner\">\n\t\t[vc_column_text]No, i vostri dati anagrafici verranno semplicemente archiviati nel libro soci di Dimensione Lirica.[\/vc_column_text]\t<\/div>\n<\/div><h3 class=\"clearfix edgtf-title-holder\">\n\t<span class=\"edgtf-acc-gradient\"><\/span>\n\t<span class=\"edgtf-tab-title\">\n\t\t<span class=\"edgtf-tab-title-inner\">\n\t\t\tQual \u00e8 l&#039;et\u00e0 minima per assistere agli spettacoli?\t\t<\/span>\n\t<\/span>\n\t<span class=\"edgtf-accordion-mark\">\n\t\t<span class=\"edgtf-accordion-mark-icon\">\n\t\t\t<span class=\"icon_plus\"><\/span>\n\t\t\t<span class=\"icon_minus-06\"><\/span>\n\t\t<\/span>\n\t<\/span>\n<\/h3>\n<div class=\"edgtf-accordion-content\">\n\t<div class=\"edgtf-accordion-content-inner\">\n\t\t[vc_column_text]Le nostre attivit\u00e0 non sono adatte ai bambini di et\u00e0 inferiore ai 5 anni.[\/vc_column_text]\t<\/div>\n<\/div><h3 class=\"clearfix edgtf-title-holder\">\n\t<span class=\"edgtf-acc-gradient\"><\/span>\n\t<span class=\"edgtf-tab-title\">\n\t\t<span class=\"edgtf-tab-title-inner\">\n\t\t\tA che ora apre Palazzo Barbarigo Minotto?\t\t<\/span>\n\t<\/span>\n\t<span class=\"edgtf-accordion-mark\">\n\t\t<span class=\"edgtf-accordion-mark-icon\">\n\t\t\t<span class=\"icon_plus\"><\/span>\n\t\t\t<span class=\"icon_minus-06\"><\/span>\n\t\t<\/span>\n\t<\/span>\n<\/h3>\n<div class=\"edgtf-accordion-content\">\n\t<div class=\"edgtf-accordion-content-inner\">\n\t\t[vc_column_text]L\u2019accesso a Palazzo Barbarigo Minotto per gli eventi serali \u00e8 dalle ore 20:00 alle 20:30. Gli eventi serali terminano in genere intorno alle 22:30.<\/p>\n<p>Qualora uno spettacolo dovesse iniziare a un orario diverso, sarete informati tramite e-mail.<\/p>\n<p>Per quanto riguarda le altre attivit\u00e0 dell&#8217;Associazione, si prega di consultare la <a href=\"https:\/\/www.musicapalazzo.com\/it\/news\/\">sezione news<\/a> dove troverete date e orari delle nostre conferenze, incontri, convegni e seminari.[\/vc_column_text]\t<\/div>\n<\/div><h3 class=\"clearfix edgtf-title-holder\">\n\t<span class=\"edgtf-acc-gradient\"><\/span>\n\t<span class=\"edgtf-tab-title\">\n\t\t<span class=\"edgtf-tab-title-inner\">\n\t\t\t\u00c8 possibile avere il libretto dell\u2019opera per la quale ho prenotato?\t\t<\/span>\n\t<\/span>\n\t<span class=\"edgtf-accordion-mark\">\n\t\t<span class=\"edgtf-accordion-mark-icon\">\n\t\t\t<span class=\"icon_plus\"><\/span>\n\t\t\t<span class=\"icon_minus-06\"><\/span>\n\t\t<\/span>\n\t<\/span>\n<\/h3>\n<div class=\"edgtf-accordion-content\">\n\t<div class=\"edgtf-accordion-content-inner\">\n\t\t[vc_column_text]Si possono seguire le opere con l\u2019aiuto dei libretti operistici che troverete in vendita all\u2019ingresso nella versione italiano-inglese e italiano-francese.[\/vc_column_text]\t<\/div>\n<\/div><h3 class=\"clearfix edgtf-title-holder\">\n\t<span class=\"edgtf-acc-gradient\"><\/span>\n\t<span class=\"edgtf-tab-title\">\n\t\t<span class=\"edgtf-tab-title-inner\">\n\t\t\t\u00c8 possibile fare fotografie durante lo spettacolo?\t\t<\/span>\n\t<\/span>\n\t<span class=\"edgtf-accordion-mark\">\n\t\t<span class=\"edgtf-accordion-mark-icon\">\n\t\t\t<span class=\"icon_plus\"><\/span>\n\t\t\t<span class=\"icon_minus-06\"><\/span>\n\t\t<\/span>\n\t<\/span>\n<\/h3>\n<div class=\"edgtf-accordion-content\">\n\t<div class=\"edgtf-accordion-content-inner\">\n\t\t[vc_column_text]No, vi chiederemo gentilmente di non fare fotografie o video durante la performance per non disturbare i nostri musicisti e gli altri ospiti. \u00c8 tuttavia possibile fare fotografie o video prima e dopo lo spettacolo e durante gli intervalli.[\/vc_column_text]\t<\/div>\n<\/div><h3 class=\"clearfix edgtf-title-holder\">\n\t<span class=\"edgtf-acc-gradient\"><\/span>\n\t<span class=\"edgtf-tab-title\">\n\t\t<span class=\"edgtf-tab-title-inner\">\n\t\t\tQual \u00e8 l\u2019abbigliamento richiesto?\t\t<\/span>\n\t<\/span>\n\t<span class=\"edgtf-accordion-mark\">\n\t\t<span class=\"edgtf-accordion-mark-icon\">\n\t\t\t<span class=\"icon_plus\"><\/span>\n\t\t\t<span class=\"icon_minus-06\"><\/span>\n\t\t<\/span>\n\t<\/span>\n<\/h3>\n<div class=\"edgtf-accordion-content\">\n\t<div class=\"edgtf-accordion-content-inner\">\n\t\t[vc_column_text]Il dress code raccomandato\u00a0\u00e8 <em>evening\u00a0casual<\/em>; l\u2019abito elegante \u00e8 apprezzato ma non obbligatorio. I signori ospiti sono pregati di indossare pantaloni lunghi e scarpe consone all\u2019occasione.[\/vc_column_text]\t<\/div>\n<\/div><h3 class=\"clearfix edgtf-title-holder\">\n\t<span class=\"edgtf-acc-gradient\"><\/span>\n\t<span class=\"edgtf-tab-title\">\n\t\t<span class=\"edgtf-tab-title-inner\">\n\t\t\tDove \u00e8 possibile mangiare prima o dopo lo spettacolo?\t\t<\/span>\n\t<\/span>\n\t<span class=\"edgtf-accordion-mark\">\n\t\t<span class=\"edgtf-accordion-mark-icon\">\n\t\t\t<span class=\"icon_plus\"><\/span>\n\t\t\t<span class=\"icon_minus-06\"><\/span>\n\t\t<\/span>\n\t<\/span>\n<\/h3>\n<div class=\"edgtf-accordion-content\">\n\t<div class=\"edgtf-accordion-content-inner\">\n\t\t[vc_column_text]Nei dintorni di Palazzo Barbarigo Minotto e in Campo Santo Stefano (in direzione Accademia) troverete ottimi ristoranti e tipiche osterie veneziane. Se desiderate cenare dopo gli spettacoli serali \u2013 che in genere terminano intorno alle 22:30 \u2013 \u00e8 consigliato telefonare al ristorante che avete scelto per controllare l\u2019orario di chiusura della cucina. Tra i ristoranti pi\u00f9 vicini troverete <strong><a href=\"http:\/\/www.restaurantlacaravella.com\/it\/\">La Caravella<\/a><\/strong>, il <strong><a href=\"http:\/\/www.ristorantealgiglio.com\/\">Ristorante al Giglio<\/a><\/strong>, <strong><a href=\"http:\/\/www.abeccafico.com\/\">A Beccafico<\/a><\/strong>, se preferite uno snack veloce potete passare all\u2019<strong><a href=\"https:\/\/www.hotelala.it\/en\/american-bar\/\">American bar Tarnowska<\/a><\/strong>.[\/vc_column_text]\t<\/div>\n<\/div><h3 class=\"clearfix edgtf-title-holder\">\n\t<span class=\"edgtf-acc-gradient\"><\/span>\n\t<span class=\"edgtf-tab-title\">\n\t\t<span class=\"edgtf-tab-title-inner\">\n\t\t\tRaggiungere Palazzo Barbarigo Minotto\t\t<\/span>\n\t<\/span>\n\t<span class=\"edgtf-accordion-mark\">\n\t\t<span class=\"edgtf-accordion-mark-icon\">\n\t\t\t<span class=\"icon_plus\"><\/span>\n\t\t\t<span class=\"icon_minus-06\"><\/span>\n\t\t<\/span>\n\t<\/span>\n<\/h3>\n<div class=\"edgtf-accordion-content\">\n\t<div class=\"edgtf-accordion-content-inner\">\n\t\t[vc_column_text]La sede di Musica a Palazzo \u00e8 Palazzo Barbarigo Minotto, la cui facciata principale si trova sul Canal Grande, di fianco alla fermata del vaporetto \u201cGiglio\u201d. L\u2019accesso \u00e8 via terra, da Fondamenta Duodo o Barbarigo, S. Marco 2504 Venezia. Potete seguire il percorso su Google Map inserendo la vostra posizione a <strong><a href=\"https:\/\/www.google.it\/maps\/dir\/\/Musica+a+Palazzo,+Palazzo+Barbarigo+Minotto,+Fondamenta+Duodo,+2504+San+Marco,+Venezia+VE\/@45.4316652,12.2973056,13z\/data=!4m9!4m8!1m0!1m5!1m1!1s0x477eb1d77377c4fd:0xe30dcc55eb1c0c93!2m2!1d12.3323249!2d45.4316103!3e0\" target=\"_blank\" rel=\"noopener noreferrer\">questo link<\/a><\/strong>.[\/vc_column_text]\t<\/div>\n<\/div><h3 class=\"clearfix edgtf-title-holder\">\n\t<span class=\"edgtf-acc-gradient\"><\/span>\n\t<span class=\"edgtf-tab-title\">\n\t\t<span class=\"edgtf-tab-title-inner\">\n\t\t\tRaggiungere Venezia in macchina\t\t<\/span>\n\t<\/span>\n\t<span class=\"edgtf-accordion-mark\">\n\t\t<span class=\"edgtf-accordion-mark-icon\">\n\t\t\t<span class=\"icon_plus\"><\/span>\n\t\t\t<span class=\"icon_minus-06\"><\/span>\n\t\t<\/span>\n\t<\/span>\n<\/h3>\n<div class=\"edgtf-accordion-content\">\n\t<div class=\"edgtf-accordion-content-inner\">\n\t\t[vc_column_text]Se arrivate in macchina \u00e8 possibile posteggiare nei parcheggi privati di Piazzale Roma o del Tronchetto, da l\u00ec potrete prendere il vaporetto linea n.1. I parcheggi sono aperti tutta la notte e non avrete problemi ad avere accesso alla vostra auto dopo lo spettacolo (vi consigliamo di telefonare per controllare gli orari di chiusura del vostro parcheggio).[\/vc_column_text]\t<\/div>\n<\/div><h3 class=\"clearfix edgtf-title-holder\">\n\t<span class=\"edgtf-acc-gradient\"><\/span>\n\t<span class=\"edgtf-tab-title\">\n\t\t<span class=\"edgtf-tab-title-inner\">\n\t\t\tArrivare in vaporetto\t\t<\/span>\n\t<\/span>\n\t<span class=\"edgtf-accordion-mark\">\n\t\t<span class=\"edgtf-accordion-mark-icon\">\n\t\t\t<span class=\"icon_plus\"><\/span>\n\t\t\t<span class=\"icon_minus-06\"><\/span>\n\t\t<\/span>\n\t<\/span>\n<\/h3>\n<div class=\"edgtf-accordion-content\">\n\t<div class=\"edgtf-accordion-content-inner\">\n\t\t[vc_column_text]Se desiderate arrivare in vaporetto potete raggiungere la fermata \u201cGiglio\u201d con la linea n.1. Una volta arrivati alla vostra fermata, appena possibile svoltate a sinistra e attraversate il primo ponte a sinistra per trovarvi in Fondamenta Duodo o Barbarigo. La linea n.1 ferma nei maggiori punti d\u2019interesse di Venezia: San Marco (fermata S. Zaccaria), Rialto, Accademia, Piazzale Roma e Ferrovia. Se non siete possessori di una carta Imob (riservata ai residenti a Venezia o nella provincia) il prezzo di una corsa di 60 minuti \u00e8 di 7.00 euro. I vaporetti effettuano corse per tutta la notte, non avrete problemi dunque a tornare al vostro alloggio dopo lo spettacolo.[\/vc_column_text]\t<\/div>\n<\/div><h3 class=\"clearfix edgtf-title-holder\">\n\t<span class=\"edgtf-acc-gradient\"><\/span>\n\t<span class=\"edgtf-tab-title\">\n\t\t<span class=\"edgtf-tab-title-inner\">\n\t\t\tArrivare in taxi\t\t<\/span>\n\t<\/span>\n\t<span class=\"edgtf-accordion-mark\">\n\t\t<span class=\"edgtf-accordion-mark-icon\">\n\t\t\t<span class=\"icon_plus\"><\/span>\n\t\t\t<span class=\"icon_minus-06\"><\/span>\n\t\t<\/span>\n\t<\/span>\n<\/h3>\n<div class=\"edgtf-accordion-content\">\n\t<div class=\"edgtf-accordion-content-inner\">\n\t\t[vc_column_text]Nel caso in cui preferiate il taxi potete prenotarne uno al numero +39 041 5222303, oppure sul sito web del <strong><a href=\"https:\/\/www.motoscafivenezia.it\/it\/biglietto\/scegli-destinazione.php\">Consorzio Motoscafi Venezia<\/a><\/strong>. Per raggiungere Palazzo Barbarigo Minotto chiedete al vostro tassista di entrare in Rio de Santa Maria del Giglio a fianco dell\u2019imbarcadero &#8220;Giglio&#8221; e attraccare sotto i portici, all\u2019altezza della Locanda Barbarigo.[\/vc_column_text]\t<\/div>\n<\/div><\/div>[\/vc_column][\/vc_row][vc_row el_class=&#8221;page-decoration&#8221;][vc_column][vc_raw_html]JTNDZGl2JTIwY2xhc3MlM0QlMjJkZWNvLXJpZ2h0JTIyJTNFJTNDJTJGZGl2JTNFJTBBJTNDZGl2JTIwY2xhc3MlM0QlMjJkZWNvLWxlZnQlMjIlM0UlM0MlMkZkaXYlM0U=[\/vc_raw_html][\/vc_column][\/vc_row]<\/p>\n<\/div>","protected":false},"excerpt":{"rendered":"<p>[vc_row][vc_column offset=&#8221;vc_col-lg-8 vc_col-md-10&#8243;][vc_column_text] FAQ [\/vc_column_text][vc_empty_space height=&#8221;64px&#8221;][\/vc_column][\/vc_row][vc_row el_class=&#8221;page-decoration&#8221;][vc_column][vc_raw_html]JTNDZGl2JTIwY2xhc3MlM0QlMjJkZWNvLXJpZ2h0JTIyJTNFJTNDJTJGZGl2JTNFJTBBJTNDZGl2JTIwY2xhc3MlM0QlMjJkZWNvLWxlZnQlMjIlM0UlM0MlMkZkaXYlM0U=[\/vc_raw_html][\/vc_column][\/vc_row]<\/p>\n","protected":false},"author":101011,"featured_media":0,"parent":0,"menu_order":0,"comment_status":"closed","ping_status":"closed","template":"","meta":{"footnotes":""},"class_list":["post-154","page","type-page","status-publish","hentry"],"yoast_head":"<!-- This site is optimized with the Yoast SEO plugin v26.8 - https:\/\/yoast.com\/product\/yoast-seo-wordpress\/ -->\n<title>FAQ - Musica Palazzo<\/title>\n<meta name=\"robots\" content=\"index, follow, max-snippet:-1, max-image-preview:large, max-video-preview:-1\" \/>\n<link rel=\"canonical\" href=\"https:\/\/www.musicapalazzo.com\/it\/f-a-q\/\" \/>\n<meta property=\"og:locale\" content=\"it_IT\" \/>\n<meta property=\"og:type\" content=\"article\" \/>\n<meta property=\"og:title\" content=\"FAQ - Musica Palazzo\" \/>\n<meta property=\"og:description\" content=\"[vc_row][vc_column offset=&#8221;vc_col-lg-8 vc_col-md-10&#8243;][vc_column_text] FAQ [\/vc_column_text][vc_empty_space height=&#8221;64px&#8221;][\/vc_column][\/vc_row][vc_row el_class=&#8221;page-decoration&#8221;][vc_column][vc_raw_html]JTNDZGl2JTIwY2xhc3MlM0QlMjJkZWNvLXJpZ2h0JTIyJTNFJTNDJTJGZGl2JTNFJTBBJTNDZGl2JTIwY2xhc3MlM0QlMjJkZWNvLWxlZnQlMjIlM0UlM0MlMkZkaXYlM0U=[\/vc_raw_html][\/vc_column][\/vc_row]\" \/>\n<meta property=\"og:url\" content=\"https:\/\/www.musicapalazzo.com\/it\/f-a-q\/\" \/>\n<meta property=\"og:site_name\" content=\"Musica Palazzo\" \/>\n<meta property=\"article:modified_time\" content=\"2026-01-29T12:30:23+00:00\" \/>\n<meta name=\"twitter:card\" content=\"summary_large_image\" \/>\n<meta name=\"twitter:label1\" content=\"Tempo di lettura stimato\" \/>\n\t<meta name=\"twitter:data1\" content=\"4 minuti\" \/>\n<script type=\"application\/ld+json\" class=\"yoast-schema-graph\">{\"@context\":\"https:\/\/schema.org\",\"@graph\":[{\"@type\":\"WebPage\",\"@id\":\"https:\/\/www.musicapalazzo.com\/it\/f-a-q\/\",\"url\":\"https:\/\/www.musicapalazzo.com\/it\/f-a-q\/\",\"name\":\"FAQ - Musica Palazzo\",\"isPartOf\":{\"@id\":\"https:\/\/www.musicapalazzo.com\/it\/#website\"},\"datePublished\":\"2018-01-30T18:38:25+00:00\",\"dateModified\":\"2026-01-29T12:30:23+00:00\",\"breadcrumb\":{\"@id\":\"https:\/\/www.musicapalazzo.com\/it\/f-a-q\/#breadcrumb\"},\"inLanguage\":\"it-IT\",\"potentialAction\":[{\"@type\":\"ReadAction\",\"target\":[\"https:\/\/www.musicapalazzo.com\/it\/f-a-q\/\"]}]},{\"@type\":\"BreadcrumbList\",\"@id\":\"https:\/\/www.musicapalazzo.com\/it\/f-a-q\/#breadcrumb\",\"itemListElement\":[{\"@type\":\"ListItem\",\"position\":1,\"name\":\"Home\",\"item\":\"https:\/\/www.musicapalazzo.com\/it\/\"},{\"@type\":\"ListItem\",\"position\":2,\"name\":\"FAQ\"}]},{\"@type\":\"WebSite\",\"@id\":\"https:\/\/www.musicapalazzo.com\/it\/#website\",\"url\":\"https:\/\/www.musicapalazzo.com\/it\/\",\"name\":\"Musica Palazzo\",\"description\":\"Associazione Culturale Music at the Palace\",\"potentialAction\":[{\"@type\":\"SearchAction\",\"target\":{\"@type\":\"EntryPoint\",\"urlTemplate\":\"https:\/\/www.musicapalazzo.com\/it\/?s={search_term_string}\"},\"query-input\":{\"@type\":\"PropertyValueSpecification\",\"valueRequired\":true,\"valueName\":\"search_term_string\"}}],\"inLanguage\":\"it-IT\"}]}<\/script>\n<!-- \/ Yoast SEO plugin. -->","yoast_head_json":{"title":"FAQ - Musica Palazzo","robots":{"index":"index","follow":"follow","max-snippet":"max-snippet:-1","max-image-preview":"max-image-preview:large","max-video-preview":"max-video-preview:-1"},"canonical":"https:\/\/www.musicapalazzo.com\/it\/f-a-q\/","og_locale":"it_IT","og_type":"article","og_title":"FAQ - Musica Palazzo","og_description":"[vc_row][vc_column offset=&#8221;vc_col-lg-8 vc_col-md-10&#8243;][vc_column_text] FAQ [\/vc_column_text][vc_empty_space height=&#8221;64px&#8221;][\/vc_column][\/vc_row][vc_row el_class=&#8221;page-decoration&#8221;][vc_column][vc_raw_html]JTNDZGl2JTIwY2xhc3MlM0QlMjJkZWNvLXJpZ2h0JTIyJTNFJTNDJTJGZGl2JTNFJTBBJTNDZGl2JTIwY2xhc3MlM0QlMjJkZWNvLWxlZnQlMjIlM0UlM0MlMkZkaXYlM0U=[\/vc_raw_html][\/vc_column][\/vc_row]","og_url":"https:\/\/www.musicapalazzo.com\/it\/f-a-q\/","og_site_name":"Musica Palazzo","article_modified_time":"2026-01-29T12:30:23+00:00","twitter_card":"summary_large_image","twitter_misc":{"Tempo di lettura stimato":"4 minuti"},"schema":{"@context":"https:\/\/schema.org","@graph":[{"@type":"WebPage","@id":"https:\/\/www.musicapalazzo.com\/it\/f-a-q\/","url":"https:\/\/www.musicapalazzo.com\/it\/f-a-q\/","name":"FAQ - Musica Palazzo","isPartOf":{"@id":"https:\/\/www.musicapalazzo.com\/it\/#website"},"datePublished":"2018-01-30T18:38:25+00:00","dateModified":"2026-01-29T12:30:23+00:00","breadcrumb":{"@id":"https:\/\/www.musicapalazzo.com\/it\/f-a-q\/#breadcrumb"},"inLanguage":"it-IT","potentialAction":[{"@type":"ReadAction","target":["https:\/\/www.musicapalazzo.com\/it\/f-a-q\/"]}]},{"@type":"BreadcrumbList","@id":"https:\/\/www.musicapalazzo.com\/it\/f-a-q\/#breadcrumb","itemListElement":[{"@type":"ListItem","position":1,"name":"Home","item":"https:\/\/www.musicapalazzo.com\/it\/"},{"@type":"ListItem","position":2,"name":"FAQ"}]},{"@type":"WebSite","@id":"https:\/\/www.musicapalazzo.com\/it\/#website","url":"https:\/\/www.musicapalazzo.com\/it\/","name":"Musica Palazzo","description":"Associazione Culturale Music at the Palace","potentialAction":[{"@type":"SearchAction","target":{"@type":"EntryPoint","urlTemplate":"https:\/\/www.musicapalazzo.com\/it\/?s={search_term_string}"},"query-input":{"@type":"PropertyValueSpecification","valueRequired":true,"valueName":"search_term_string"}}],"inLanguage":"it-IT"}]}},"_links":{"self":[{"href":"https:\/\/www.musicapalazzo.com\/it\/wp-json\/wp\/v2\/pages\/154","targetHints":{"allow":["GET"]}}],"collection":[{"href":"https:\/\/www.musicapalazzo.com\/it\/wp-json\/wp\/v2\/pages"}],"about":[{"href":"https:\/\/www.musicapalazzo.com\/it\/wp-json\/wp\/v2\/types\/page"}],"author":[{"embeddable":true,"href":"https:\/\/www.musicapalazzo.com\/it\/wp-json\/wp\/v2\/users\/101011"}],"replies":[{"embeddable":true,"href":"https:\/\/www.musicapalazzo.com\/it\/wp-json\/wp\/v2\/comments?post=154"}],"version-history":[{"count":7,"href":"https:\/\/www.musicapalazzo.com\/it\/wp-json\/wp\/v2\/pages\/154\/revisions"}],"predecessor-version":[{"id":136230,"href":"https:\/\/www.musicapalazzo.com\/it\/wp-json\/wp\/v2\/pages\/154\/revisions\/136230"}],"wp:attachment":[{"href":"https:\/\/www.musicapalazzo.com\/it\/wp-json\/wp\/v2\/media?parent=154"}],"curies":[{"name":"wp","href":"https:\/\/api.w.org\/{rel}","templated":true}]}}