{"id":71323,"date":"2018-11-04T12:04:31","date_gmt":"2018-11-04T11:04:31","guid":{"rendered":"https:\/\/www.musicapalazzo.com\/storia-opera-venezia\/"},"modified":"2019-04-16T12:28:24","modified_gmt":"2019-04-16T10:28:24","slug":"histoire-de-lopera-lyrique-a-venise","status":"publish","type":"page","link":"https:\/\/www.musicapalazzo.com\/fr\/histoire-de-lopera-lyrique-a-venise\/","title":{"rendered":"HISTOIRE DE L\u2019OP\u00c9RA LYRIQUE \u00c0 VENISE"},"content":{"rendered":"<div class=\"wpb-content-wrapper\"><p>[vc_row][vc_column][vc_empty_space height=&#8221;100px&#8221;][\/vc_column][\/vc_row][vc_row][vc_column width=&#8221;1\/2&#8243; css=&#8221;.vc_custom_1554376253458{margin-left: 0px !important;padding-left: 0px !important;}&#8221;][vc_column_text]<\/p>\n<h1>HISTOIRE DE L\u2019OP\u00c9RA LYRIQUE \u00c0 VENISE<\/h1>\n<p>[\/vc_column_text][vc_empty_space height=&#8221;50px&#8221;][\/vc_column][vc_column width=&#8221;1\/2&#8243;][\/vc_column][\/vc_row][vc_row][vc_column][vc_row_inner][vc_column_inner offset=&#8221;vc_col-lg-5 vc_col-md-6&#8243;][vc_column_text]<\/p>\n<h2 style=\"text-align: left;\">L&#8217;Op\u00e9ra dans les Palais<\/h2>\n<p>[\/vc_column_text][vc_empty_space][\/vc_column_inner][\/vc_row_inner][vc_row_inner][vc_column_inner css=&#8221;.vc_custom_1554376010350{border-left-width: 1px !important;padding-top: 8px !important;padding-bottom: 8px !important;border-left-color: #c59c26 !important;border-left-style: solid !important;}&#8221; offset=&#8221;vc_col-lg-5 vc_col-md-6&#8243;][vc_column_text]Durant l\u2019\u00e9poque baroque, les palais v\u00e9nitiens ont toujours \u00e9t\u00e9 des lieux de musique comme partie int\u00e9grante des f\u00eates et des grandes r\u00e9ceptions. Aux cantates ou s\u00e9r\u00e9nades all\u00e9goriques venaient s\u2019y ajouter aussi les repr\u00e9sentations d\u2019Op\u00e9ra en musique m\u00eame si de caract\u00e8re c\u00e9l\u00e9bratif: Monteverdi m\u00eame \u00e9crivit la c\u00e9l\u00e8bre oeuvre Le combat de Tancr\u00e8de et Clorinde qui f\u00fbt repr\u00e9sent\u00e9 en 1624 au Palais Mocenigo. Six ans plus tard, le m\u00eame Palais pr\u00e9senta L\u2019enl\u00e8vement de Proserpine toujours de Monteverdi sur le texte de Giulio Strozzi. Les repr\u00e9sentations des Op\u00e9ras dans les palais \u00e9taient r\u00e9serv\u00e9s \u00e0 un public choisi et limit\u00e9s aux amis de la famille noble qui avait organis\u00e9 l\u2019\u00e9v\u00e8nement.<br \/>\n[\/vc_column_text][\/vc_column_inner][vc_column_inner offset=&#8221;vc_col-lg-offset-1 vc_col-lg-6 vc_col-md-6 vc_hidden-sm vc_hidden-xs&#8221;][vc_single_image image=&#8221;75738&#8243; img_size=&#8221;full&#8221; alignment=&#8221;center&#8221; style=&#8221;vc_box_circle&#8221;][\/vc_column_inner][\/vc_row_inner][vc_empty_space height=&#8221;128px&#8221;][\/vc_column][\/vc_row][vc_row][vc_column][vc_row_inner][vc_column_inner offset=&#8221;vc_col-md-offset-7 vc_col-md-5&#8243;][vc_column_text]<\/p>\n<h2>Naissance du premier th\u00e9\u00e2tre musical public<\/h2>\n<p>[\/vc_column_text][vc_empty_space][\/vc_column_inner][\/vc_row_inner][vc_row_inner][vc_column_inner width=&#8221;1\/2&#8243;][vc_single_image image=&#8221;75772&#8243; img_size=&#8221;full&#8221; alignment=&#8221;center&#8221; style=&#8221;vc_box_circle&#8221;][\/vc_column_inner][vc_column_inner css=&#8221;.vc_custom_1554374341198{border-left-width: 1px !important;padding-top: 8px !important;padding-bottom: 8px !important;border-left-color: #c59c26 !important;border-left-style: solid !important;}&#8221; offset=&#8221;vc_col-lg-offset-1 vc_col-lg-5 vc_col-md-6&#8243;][vc_column_text]En 1636, un \u00e9v\u00e8nement extraordinaire changea l\u2019histoire de l\u2019Op\u00e9ra \u00e0 Venise: la famille Tron obtint le permis de la part du conseil des dix de faire reconstruire le th\u00e9\u00e2tre Saint Cassian (d\u00e9truit par un incendie), avec la permission de le destiner non plus aux com\u00e9dies mais au th\u00e9\u00e2tre musical.<\/p>\n<p>Le th\u00e9\u00e2tre f\u00fbt reconstruit en moins d\u2019un an et inaugur\u00e9 en 1637: pour la premi\u00e8re fois dans l\u2019histoire du m\u00e9lodrame, naquit un th\u00e9\u00e2tre musical public payant.<\/p>\n<p>Le succ\u00e8s f\u00fbt tel que tr\u00e8s vite furent \u00e9difi\u00e9s 16 autres th\u00e9\u00e2tres et durant le si\u00e8cle suivant, Venise gagna l\u2019enviable titre de Cit\u00e9 de l\u2019Op\u00e9ra par excellence au niveau europ\u00e9en.<\/p>\n<p>Entre l\u2019ouverture du th\u00e9\u00e2tre Saint Cassien et celle du dernier th\u00e9\u00e2tre du si\u00e8cle courant, le Saint Giovanni Grisostomo en 1678, furent repr\u00e9sent\u00e9s \u00e0 Venise plus de 150 Op\u00e9ras.<\/p>\n<p>Parmi les plus importants compositeurs \u00e0 Venise, nous rappelons entre autres Monteverdi, Francesco Cavalli et Crespi, lesquels eurent le privil\u00e8ge d\u2019inaugurer une formule d\u2019Op\u00e9ra lyrique, perfectionn\u00e9e ensuite par d\u2019autres compositeurs, dont les unit\u00e9s structurelles mettent en \u00e9quilibre l\u2019apport entre le librettiste et le compositeur. De plus, durant le XVII\u00e8me si\u00e8cle V\u00e9nitien se manifeste l\u2019aria col da capo, ou bien, aria avec reprise, utilis\u00e9 pour consolider le rapport dynamique entre le public et les chanteurs, pour y faire \u00e9merger la figure de la premi\u00e8re dame.[\/vc_column_text][\/vc_column_inner][\/vc_row_inner][vc_empty_space height=&#8221;128px&#8221;][\/vc_column][\/vc_row][vc_row][vc_column][vc_empty_space][vc_column_text]<\/p>\n<h2>Le jeune Rossini au Th\u00e9\u00e2tre Saint Mois\u00e8<\/h2>\n<p>[\/vc_column_text][vc_empty_space][vc_row_inner][vc_column_inner css=&#8221;.vc_custom_1554374325779{border-left-width: 1px !important;padding-top: 8px !important;padding-bottom: 8px !important;border-left-color: #c59c26 !important;border-left-style: solid !important;}&#8221; offset=&#8221;vc_col-lg-5 vc_col-md-6&#8243;][vc_empty_space][vc_column_text]Le th\u00e9\u00e2tre Saint Mois\u00e8 f\u00fbt un des premiers th\u00e9\u00e2tres o\u00f9 furent repr\u00e9sent\u00e9s les Op\u00e9ras lyriques, un petit th\u00e9\u00e2tre mais tr\u00e8s \u00e9l\u00e9gant, qui produisait des saisons de grande qualit\u00e9 musicale. Des Op\u00e9ras de Cavalli,Vivaldi, Albinoni,Galuppi et Rossini y furent repr\u00e9sent\u00e9s.<\/p>\n<p>Le jeune Gioacchino Rossini d\u00e9buta au th\u00e9\u00e2tre Saint Mois\u00e8 \u00e0 l\u2019\u00e2ge de dix-huit ans, avec Le contrat de mariage et \u00e0 la suite du succ\u00e8s de cette oeuvre, il f\u00fbt longuement applaudit pour L\u2019Heureux Stratag\u00e8me; L\u2019\u00e9chelle de Soie; L\u2019Occasion fait le larron et Bruschino ou le fils par hasard.<\/p>\n<p>En 1818, le th\u00e9\u00e2tre Saint Mois\u00e8 f\u00fbt ferm\u00e9 et vendu.<\/p>\n<p>\u201cM\u00eame si le roi empereur Napol\u00e9on avait honor\u00e9 Venise de sa pr\u00e9sence, son arriv\u00e9e n\u2019aurait pas distrait le public de Rossini\u201d (Stendhal, La Vie di Rossini)[\/vc_column_text][\/vc_column_inner][vc_column_inner offset=&#8221;vc_col-lg-offset-1 vc_col-lg-6 vc_col-md-6 vc_hidden-sm vc_hidden-xs&#8221;][vc_single_image image=&#8221;75777&#8243; img_size=&#8221;full&#8221; alignment=&#8221;center&#8221; style=&#8221;vc_box_circle&#8221;][\/vc_column_inner][\/vc_row_inner][vc_empty_space height=&#8221;128px&#8221;][\/vc_column][\/vc_row][vc_row][vc_column][vc_empty_space][vc_row_inner][vc_column_inner offset=&#8221;vc_col-md-offset-7 vc_col-md-5&#8243;][vc_column_text]<\/p>\n<h2>Le Th\u00e9\u00e2tre La Fenice<\/h2>\n<p>[\/vc_column_text][vc_empty_space][\/vc_column_inner][\/vc_row_inner][vc_row_inner][vc_column_inner width=&#8221;1\/2&#8243;][vc_single_image image=&#8221;75788&#8243; img_size=&#8221;full&#8221; alignment=&#8221;center&#8221; style=&#8221;vc_box_circle&#8221;][vc_column_text]<\/p>\n<p style=\"text-align: left;\"><span style=\"font-size: 12px;\">Foto: Pietro Tessarin<\/span><\/p>\n<p>[\/vc_column_text][\/vc_column_inner][vc_column_inner css=&#8221;.vc_custom_1500200680272{border-left-width: 1px !important;padding-top: 8px !important;padding-bottom: 8px !important;border-left-color: #c59c26 !important;border-left-style: solid !important;}&#8221; offset=&#8221;vc_col-lg-offset-1 vc_col-lg-5 vc_col-md-6&#8243;][vc_column_text]Au XVIII\u00e8me si\u00e8cle, les th\u00e9\u00e2tres d\u2019Op\u00e9ra \u00e0 Venise \u00e9taient sept, le plus important, le th\u00e9\u00e2tre Saint Benoit, f\u00fbt d\u00e9truit en 1773 dans un incendie. Durant sa reconstruction, une controverse judiciaire entre la famille Vernier (propri\u00e9taire du terrain) et la soci\u00e9t\u00e9 propri\u00e9taire du th\u00e9\u00e2tre, porta cette derni\u00e8re \u00e0 devoir en construire un encore plus luxueux: le Th\u00e9\u00e2tre la Fenice.<\/p>\n<p>Le th\u00e9\u00e2tre vint inaugur\u00e9 en 1790 et jusqu\u2019en 1836, il f\u00fbt le lieu o\u00f9 vinrent repr\u00e9sent\u00e9es les premi\u00e8res de nombreux chefs-d\u2019oeuvres en autres Tancr\u00e8de et S\u00e9miramis de Rossini, Les Capulets et les Montaigus et B\u00e9atrice de Tende de Bellini, Belisario, Pia de\u2019 Tolomei et Maria di Rudenz de Donizetti.<\/p>\n<p>Le plus grand th\u00e9\u00e2tre de la V\u00e9n\u00e9tie f\u00fbt d\u00e9truit suite \u00e0 un incendie en 1836.<\/p>\n<p>La reconstruction du th\u00e9\u00e2tre La Fenice apporta de nombreuses modifications \u00e0 la structure du th\u00e9\u00e2tre, qui le rendirent encore plus \u00e9l\u00e9gant et beau. Le th\u00e9\u00e2tre continua ainsi sa marche in\u00e9gal\u00e9e comme un des th\u00e9\u00e2tres majeurs d\u2019Italie et d\u2019Europe.<\/p>\n<p>Le th\u00e9\u00e2tre La Fenice a contribu\u00e9 \u00e0 former l\u2019histoire du m\u00e9lodrame en repr\u00e9sentant le plus grand nombre de Premi\u00e8res de Verdi, apr\u00e8s le th\u00e9\u00e2tre Alla Scala.<\/p>\n<p>Le Th\u00e9\u00e2tre subi au XX\u00e8me si\u00e8cle de nombreuses interventions de restauration et en 1987 il f\u00fbt nouvellement reconstruit suite \u00e0 un incendie d\u00e9vastateur.<\/p>\n<p>Au cours du XX\u00e8me si\u00e8cle furent aussi bien repr\u00e9sent\u00e9es de nombreuses Premi\u00e8res de grande valeur, entre autres La Carri\u00e8re d\u2019un Libertin d\u2019Igor Stravinskij, L\u2019Ange de feu de Serghei Prokofiev, Le Tour d\u2019\u00e9crou de Benjamin Britten, Intol\u00e9rance 1960 de Luigi Nono.[\/vc_column_text][\/vc_column_inner][\/vc_row_inner][vc_empty_space height=&#8221;128px&#8221;][\/vc_column][\/vc_row][vc_row][vc_column][vc_empty_space][vc_column_text]<\/p>\n<h2>Les Oeuvres de Giuseppe Verdi a Venise<\/h2>\n<p>[\/vc_column_text][vc_empty_space][vc_row_inner][vc_column_inner css=&#8221;.vc_custom_1554374325779{border-left-width: 1px !important;padding-top: 8px !important;padding-bottom: 8px !important;border-left-color: #c59c26 !important;border-left-style: solid !important;}&#8221; offset=&#8221;vc_col-lg-5 vc_col-md-6&#8243;][vc_empty_space][vc_column_text]Giuseppe Verdi \u00e9crivit cinq oeuvres commissionn\u00e9es par le th\u00e9\u00e2tre la Fenice:<\/p>\n<p>Ernani, Attila, Rigoletto, La Traviata et Simon Boccanegra.<\/p>\n<p>Ernani, avec livret du v\u00e9nitien Francesco Maria f\u00fbt mis en sc\u00e8ne le 10 Mars 1844 et bien qu\u2019il eut de lourdes censures de la part de la police autrichienne, il eut toutefois un bon succ\u00e8s.<\/p>\n<p>Attila, repr\u00e9sent\u00e9 le 17 Mars 1846, souleva un \u00e9norme enthousiasme de la part des v\u00e9nitiens du fait qu\u2019il racontait la naissance de la ville m\u00eame: \u201cIl eut un heureux succ\u00e8s lors de la premi\u00e8re soir\u00e9e et fanatisme lors de la seconde\u201d (G.Verdi).<\/p>\n<p>Rigoletto, repr\u00e9sent\u00e9 le 11 Mars 1851 f\u00fbt un vrai triomphe pour Giuseppe Verdi qui f\u00fbt consacr\u00e9 par la presse comme un g\u00e9nie.<\/p>\n<p>La premi\u00e8re de La Traviata f\u00fbt toutefois un v\u00e9ritable fiasco probablement \u00e0 cause des interpr\u00e8tes qui n\u2019\u00e9taient pas \u00e0 la hauteur et par le livret scabreux.<\/p>\n<p>L\u2019op\u00e9ra, inspir\u00e9 de La Dame aux Cam\u00e9lias de Dumas fils f\u00fbt repr\u00e9sent\u00e9 le 6 Mars 1853: \u201cLa Traviata hier soir, fiasco. La faute est la mienne ou des chanteurs. Le temps jugera!\u201d (G. Verdi)<\/p>\n<p>Dans la reprise de l\u2019Op\u00e9ra, l\u2019ann\u00e9e suivante l\u2019on lui attribua un grand succ\u00e8s.<\/p>\n<p>La derni\u00e8re Premi\u00e8re v\u00e9nitienne de Verdi, f\u00fbt Simon Boccanegra, mis en sc\u00e8ne \u00e0 La Fenice en Mars 1857, tout comme La Traviata il n\u2019eut pas de succ\u00e8s lors de la premi\u00e8re repr\u00e9sentation \u201cCe f\u00fbt un fiasco aussi grand que celui de La Traviata\u201d (G. Verdi) mais \u00e0 la seconde le triple des applaudissements en d\u00e9cr\u00e9t\u00e8rent le succ\u00e8s.<\/p>\n<p>Patrizia Di Paolo[\/vc_column_text][\/vc_column_inner][vc_column_inner offset=&#8221;vc_col-lg-offset-1 vc_col-lg-6 vc_col-md-6 vc_hidden-sm vc_hidden-xs&#8221;][vc_single_image image=&#8221;75783&#8243; img_size=&#8221;full&#8221; alignment=&#8221;center&#8221; style=&#8221;vc_box_circle&#8221;][\/vc_column_inner][\/vc_row_inner][vc_empty_space height=&#8221;128px&#8221;][\/vc_column][\/vc_row]<\/p>\n<\/div>","protected":false},"excerpt":{"rendered":"<p>[vc_row][vc_column][vc_empty_space height=&#8221;100px&#8221;][\/vc_column][\/vc_row][vc_row][vc_column width=&#8221;1\/2&#8243; css=&#8221;.vc_custom_1554376253458{margin-left: 0px !important;padding-left: 0px !important;}&#8221;][vc_column_text] HISTOIRE DE L\u2019OP\u00c9RA LYRIQUE \u00c0 VENISE [\/vc_column_text][vc_empty_space height=&#8221;50px&#8221;][\/vc_column][vc_column width=&#8221;1\/2&#8243;][\/vc_column][\/vc_row][vc_row][vc_column][vc_row_inner][vc_column_inner offset=&#8221;vc_col-lg-5 vc_col-md-6&#8243;][vc_column_text] L&#8217;Op\u00e9ra dans les Palais [\/vc_column_text][vc_empty_space][\/vc_column_inner][\/vc_row_inner][vc_row_inner][vc_column_inner css=&#8221;.vc_custom_1554376010350{border-left-width: 1px !important;padding-top: 8px !important;padding-bottom: 8px !important;border-left-color: #c59c26 !important;border-left-style: solid !important;}&#8221; offset=&#8221;vc_col-lg-5 vc_col-md-6&#8243;][vc_column_text]Durant l\u2019\u00e9poque baroque, les palais v\u00e9nitiens ont toujours \u00e9t\u00e9&#8230;<\/p>\n","protected":false},"author":101015,"featured_media":0,"parent":0,"menu_order":0,"comment_status":"closed","ping_status":"closed","template":"","meta":{"footnotes":""},"class_list":["post-71323","page","type-page","status-publish","hentry"],"yoast_head":"<!-- This site is optimized with the Yoast SEO plugin v26.8 - https:\/\/yoast.com\/product\/yoast-seo-wordpress\/ -->\n<title>HISTOIRE DE L\u2019OP\u00c9RA LYRIQUE \u00c0 VENISE - Musica Palazzo<\/title>\n<meta name=\"robots\" content=\"index, follow, max-snippet:-1, max-image-preview:large, max-video-preview:-1\" \/>\n<link rel=\"canonical\" href=\"https:\/\/www.musicapalazzo.com\/fr\/histoire-de-lopera-lyrique-a-venise\/\" \/>\n<meta property=\"og:locale\" content=\"fr_FR\" \/>\n<meta property=\"og:type\" content=\"article\" \/>\n<meta property=\"og:title\" content=\"HISTOIRE DE L\u2019OP\u00c9RA LYRIQUE \u00c0 VENISE - Musica Palazzo\" \/>\n<meta property=\"og:description\" content=\"[vc_row][vc_column][vc_empty_space height=&#8221;100px&#8221;][\/vc_column][\/vc_row][vc_row][vc_column width=&#8221;1\/2&#8243; css=&#8221;.vc_custom_1554376253458{margin-left: 0px !important;padding-left: 0px !important;}&#8221;][vc_column_text] HISTOIRE DE L\u2019OP\u00c9RA LYRIQUE \u00c0 VENISE [\/vc_column_text][vc_empty_space height=&#8221;50px&#8221;][\/vc_column][vc_column width=&#8221;1\/2&#8243;][\/vc_column][\/vc_row][vc_row][vc_column][vc_row_inner][vc_column_inner offset=&#8221;vc_col-lg-5 vc_col-md-6&#8243;][vc_column_text] L&#8217;Op\u00e9ra dans les Palais [\/vc_column_text][vc_empty_space][\/vc_column_inner][\/vc_row_inner][vc_row_inner][vc_column_inner css=&#8221;.vc_custom_1554376010350{border-left-width: 1px !important;padding-top: 8px !important;padding-bottom: 8px !important;border-left-color: #c59c26 !important;border-left-style: solid !important;}&#8221; offset=&#8221;vc_col-lg-5 vc_col-md-6&#8243;][vc_column_text]Durant l\u2019\u00e9poque baroque, les palais v\u00e9nitiens ont toujours \u00e9t\u00e9...\" \/>\n<meta property=\"og:url\" content=\"https:\/\/www.musicapalazzo.com\/fr\/histoire-de-lopera-lyrique-a-venise\/\" \/>\n<meta property=\"og:site_name\" content=\"Musica Palazzo\" \/>\n<meta property=\"article:modified_time\" content=\"2019-04-16T10:28:24+00:00\" \/>\n<meta name=\"twitter:card\" content=\"summary_large_image\" \/>\n<meta name=\"twitter:label1\" content=\"Est. reading time\" \/>\n\t<meta name=\"twitter:data1\" content=\"9 minutes\" \/>\n<script type=\"application\/ld+json\" class=\"yoast-schema-graph\">{\"@context\":\"https:\/\/schema.org\",\"@graph\":[{\"@type\":\"WebPage\",\"@id\":\"https:\/\/www.musicapalazzo.com\/fr\/histoire-de-lopera-lyrique-a-venise\/\",\"url\":\"https:\/\/www.musicapalazzo.com\/fr\/histoire-de-lopera-lyrique-a-venise\/\",\"name\":\"HISTOIRE DE L\u2019OP\u00c9RA LYRIQUE \u00c0 VENISE - Musica Palazzo\",\"isPartOf\":{\"@id\":\"https:\/\/www.musicapalazzo.com\/fr\/#website\"},\"datePublished\":\"2018-11-04T11:04:31+00:00\",\"dateModified\":\"2019-04-16T10:28:24+00:00\",\"breadcrumb\":{\"@id\":\"https:\/\/www.musicapalazzo.com\/fr\/histoire-de-lopera-lyrique-a-venise\/#breadcrumb\"},\"inLanguage\":\"fr-FR\",\"potentialAction\":[{\"@type\":\"ReadAction\",\"target\":[\"https:\/\/www.musicapalazzo.com\/fr\/histoire-de-lopera-lyrique-a-venise\/\"]}]},{\"@type\":\"BreadcrumbList\",\"@id\":\"https:\/\/www.musicapalazzo.com\/fr\/histoire-de-lopera-lyrique-a-venise\/#breadcrumb\",\"itemListElement\":[{\"@type\":\"ListItem\",\"position\":1,\"name\":\"Home\",\"item\":\"https:\/\/www.musicapalazzo.com\/fr\/\"},{\"@type\":\"ListItem\",\"position\":2,\"name\":\"HISTOIRE DE L\u2019OP\u00c9RA LYRIQUE \u00c0 VENISE\"}]},{\"@type\":\"WebSite\",\"@id\":\"https:\/\/www.musicapalazzo.com\/fr\/#website\",\"url\":\"https:\/\/www.musicapalazzo.com\/fr\/\",\"name\":\"Musica Palazzo\",\"description\":\"Associazione Culturale Music at the Palace\",\"potentialAction\":[{\"@type\":\"SearchAction\",\"target\":{\"@type\":\"EntryPoint\",\"urlTemplate\":\"https:\/\/www.musicapalazzo.com\/fr\/?s={search_term_string}\"},\"query-input\":{\"@type\":\"PropertyValueSpecification\",\"valueRequired\":true,\"valueName\":\"search_term_string\"}}],\"inLanguage\":\"fr-FR\"}]}<\/script>\n<!-- \/ Yoast SEO plugin. -->","yoast_head_json":{"title":"HISTOIRE DE L\u2019OP\u00c9RA LYRIQUE \u00c0 VENISE - Musica Palazzo","robots":{"index":"index","follow":"follow","max-snippet":"max-snippet:-1","max-image-preview":"max-image-preview:large","max-video-preview":"max-video-preview:-1"},"canonical":"https:\/\/www.musicapalazzo.com\/fr\/histoire-de-lopera-lyrique-a-venise\/","og_locale":"fr_FR","og_type":"article","og_title":"HISTOIRE DE L\u2019OP\u00c9RA LYRIQUE \u00c0 VENISE - Musica Palazzo","og_description":"[vc_row][vc_column][vc_empty_space height=&#8221;100px&#8221;][\/vc_column][\/vc_row][vc_row][vc_column width=&#8221;1\/2&#8243; css=&#8221;.vc_custom_1554376253458{margin-left: 0px !important;padding-left: 0px !important;}&#8221;][vc_column_text] HISTOIRE DE L\u2019OP\u00c9RA LYRIQUE \u00c0 VENISE [\/vc_column_text][vc_empty_space height=&#8221;50px&#8221;][\/vc_column][vc_column width=&#8221;1\/2&#8243;][\/vc_column][\/vc_row][vc_row][vc_column][vc_row_inner][vc_column_inner offset=&#8221;vc_col-lg-5 vc_col-md-6&#8243;][vc_column_text] L&#8217;Op\u00e9ra dans les Palais [\/vc_column_text][vc_empty_space][\/vc_column_inner][\/vc_row_inner][vc_row_inner][vc_column_inner css=&#8221;.vc_custom_1554376010350{border-left-width: 1px !important;padding-top: 8px !important;padding-bottom: 8px !important;border-left-color: #c59c26 !important;border-left-style: solid !important;}&#8221; offset=&#8221;vc_col-lg-5 vc_col-md-6&#8243;][vc_column_text]Durant l\u2019\u00e9poque baroque, les palais v\u00e9nitiens ont toujours \u00e9t\u00e9...","og_url":"https:\/\/www.musicapalazzo.com\/fr\/histoire-de-lopera-lyrique-a-venise\/","og_site_name":"Musica Palazzo","article_modified_time":"2019-04-16T10:28:24+00:00","twitter_card":"summary_large_image","twitter_misc":{"Est. reading time":"9 minutes"},"schema":{"@context":"https:\/\/schema.org","@graph":[{"@type":"WebPage","@id":"https:\/\/www.musicapalazzo.com\/fr\/histoire-de-lopera-lyrique-a-venise\/","url":"https:\/\/www.musicapalazzo.com\/fr\/histoire-de-lopera-lyrique-a-venise\/","name":"HISTOIRE DE L\u2019OP\u00c9RA LYRIQUE \u00c0 VENISE - Musica Palazzo","isPartOf":{"@id":"https:\/\/www.musicapalazzo.com\/fr\/#website"},"datePublished":"2018-11-04T11:04:31+00:00","dateModified":"2019-04-16T10:28:24+00:00","breadcrumb":{"@id":"https:\/\/www.musicapalazzo.com\/fr\/histoire-de-lopera-lyrique-a-venise\/#breadcrumb"},"inLanguage":"fr-FR","potentialAction":[{"@type":"ReadAction","target":["https:\/\/www.musicapalazzo.com\/fr\/histoire-de-lopera-lyrique-a-venise\/"]}]},{"@type":"BreadcrumbList","@id":"https:\/\/www.musicapalazzo.com\/fr\/histoire-de-lopera-lyrique-a-venise\/#breadcrumb","itemListElement":[{"@type":"ListItem","position":1,"name":"Home","item":"https:\/\/www.musicapalazzo.com\/fr\/"},{"@type":"ListItem","position":2,"name":"HISTOIRE DE L\u2019OP\u00c9RA LYRIQUE \u00c0 VENISE"}]},{"@type":"WebSite","@id":"https:\/\/www.musicapalazzo.com\/fr\/#website","url":"https:\/\/www.musicapalazzo.com\/fr\/","name":"Musica Palazzo","description":"Associazione Culturale Music at the Palace","potentialAction":[{"@type":"SearchAction","target":{"@type":"EntryPoint","urlTemplate":"https:\/\/www.musicapalazzo.com\/fr\/?s={search_term_string}"},"query-input":{"@type":"PropertyValueSpecification","valueRequired":true,"valueName":"search_term_string"}}],"inLanguage":"fr-FR"}]}},"_links":{"self":[{"href":"https:\/\/www.musicapalazzo.com\/fr\/wp-json\/wp\/v2\/pages\/71323","targetHints":{"allow":["GET"]}}],"collection":[{"href":"https:\/\/www.musicapalazzo.com\/fr\/wp-json\/wp\/v2\/pages"}],"about":[{"href":"https:\/\/www.musicapalazzo.com\/fr\/wp-json\/wp\/v2\/types\/page"}],"author":[{"embeddable":true,"href":"https:\/\/www.musicapalazzo.com\/fr\/wp-json\/wp\/v2\/users\/101015"}],"replies":[{"embeddable":true,"href":"https:\/\/www.musicapalazzo.com\/fr\/wp-json\/wp\/v2\/comments?post=71323"}],"version-history":[{"count":4,"href":"https:\/\/www.musicapalazzo.com\/fr\/wp-json\/wp\/v2\/pages\/71323\/revisions"}],"predecessor-version":[{"id":76273,"href":"https:\/\/www.musicapalazzo.com\/fr\/wp-json\/wp\/v2\/pages\/71323\/revisions\/76273"}],"wp:attachment":[{"href":"https:\/\/www.musicapalazzo.com\/fr\/wp-json\/wp\/v2\/media?parent=71323"}],"curies":[{"name":"wp","href":"https:\/\/api.w.org\/{rel}","templated":true}]}}