{"id":76243,"date":"2018-04-26T16:33:13","date_gmt":"2018-04-26T14:33:13","guid":{"rendered":"https:\/\/www.musicapalazzo.com\/barbarigo-minotto-palace\/"},"modified":"2019-04-16T13:07:26","modified_gmt":"2019-04-16T11:07:26","slug":"barbarigo-minotto-palace","status":"publish","type":"page","link":"https:\/\/www.musicapalazzo.com\/es\/barbarigo-minotto-palace\/","title":{"rendered":"Palacio Barbarigo Minotto"},"content":{"rendered":"<div class=\"wpb-content-wrapper\"><p>[vc_row][vc_column][vc_empty_space height=&#8221;100px&#8221;][\/vc_column][\/vc_row][vc_row][vc_column width=&#8221;1\/2&#8243; css=&#8221;.vc_custom_1554383581378{margin-left: 0px !important;padding-left: 0px !important;}&#8221;][vc_column_text]<\/p>\n<h1>PALACIO BARBARIGO MINOTTO<\/h1>\n<h4 class=\"map-suptitle\">Notas hist\u00f3ricas<\/h4>\n<p>[\/vc_column_text][vc_empty_space][vc_column_text]El palacio Barbarigo Minotto se encuentra a la izquierda del Canal Grande y est\u00e1 formado por dos edificios unidos en el siglo XVII: el componente m\u00e1s antiguo, sede de la asociaci\u00f3n cultural \u201cMusica a Palazzo\u201d, fue originariamente el palacio Minotto, edificio g\u00f3tico del siglo XV con frisos bizantinos del siglo XII y el Palacio Barbarigo, que es una construcci\u00f3n del siglo XVII.[\/vc_column_text][\/vc_column][vc_column width=&#8221;1\/2&#8243;][\/vc_column][\/vc_row][vc_row][vc_column][vc_empty_space height=&#8221;80px&#8221;][\/vc_column][\/vc_row][vc_row][vc_column][vc_row_inner][vc_column_inner offset=&#8221;vc_col-lg-5 vc_col-md-6&#8243;][vc_column_text]<\/p>\n<h2>Or\u00edgenes y fortuna de la familia Barbarigo<\/h2>\n<p>[\/vc_column_text][vc_empty_space][\/vc_column_inner][\/vc_row_inner][vc_row_inner][vc_column_inner css=&#8221;.vc_custom_1500200652008{border-left-width: 1px !important;padding-top: 8px !important;padding-bottom: 8px !important;border-left-color: #c59c26 !important;border-left-style: solid !important;}&#8221; offset=&#8221;vc_col-lg-5 vc_col-md-6&#8243;][vc_column_text]Los Barbarigo, familia aristocr\u00e1tica de origen istriano, tuvo un miembro llamado Arrigo que en el 880 derrot\u00f3 en batalla a los piratas sarracenos y regres\u00f3 a la patria con las barbas cortadas de los enemigos: por esta raz\u00f3n el nombre y el blas\u00f3n con seis barbas. Entre las familias m\u00e1s importantes de Venecia, los Barbarigo cuentan entre sus miembros con obispos, cardenales y patriarcas. Entre estos tambi\u00e9n San Gregorio Barbarigo, nacido aqu\u00ed en 1625, beatificado en 1761 y canonizado en 1960 durante el pontificado de Juan XXIII, ex patriarca de Venecia. Los Barbarigo fundaron tambi\u00e9n en el 955 la primera iglesia de Santa Mar\u00eda del Giglio, llamada S. Mar\u00eda Zobenigo (LE\u00d3N DE VENECIA)<\/p>\n<p>La Seren\u00edsima rep\u00fablica de Venecia tuvo tambi\u00e9n a dos Dux Barbarigo: Marco, desde 1485 hasta 1486, que fue el primer Dux coronado en la escalinata de los Gigantes del Palacio Ducal. Su ducado fue muy breve y parece haber muerto a causa de un violento altercado ocurrido durante una reuni\u00f3n en el Senado con su hermano Agostino, su sucesor. Agostino Barbarigo, fue jefe supremo de la Seren\u00edsima desde 1486 hasta 1501 en los a\u00f1os en los cuales Caterina Corner, reina de Chipre, don\u00f3 su reino a Venecia. \u00c9l fue quien impuso la pr\u00e1ctica del besamanos al Dux.<\/p>\n<p>Luego de la boda de Gregorio Barbarigo con la brillante y culta Caterina Sagredo, en 1739, llamaron a los artistas m\u00e1s c\u00e9lebres del momento, entre ellos, el gran maestro Giambattista Tiepolo, Francesco Fontebasso, Mengozzi Colonna e Carpoforo Mazzetti para embellecer los palacios, tanto el bizantino, ex Minotto, como el del siglo XVII, ya enteramente unidos de hac\u00eda tiempo.[\/vc_column_text][\/vc_column_inner][vc_column_inner offset=&#8221;vc_col-lg-offset-1 vc_col-lg-6 vc_col-md-6 vc_hidden-sm vc_hidden-xs&#8221;][vc_single_image image=&#8221;71189&#8243; img_size=&#8221;full&#8221; alignment=&#8221;center&#8221; style=&#8221;vc_box_circle&#8221;][\/vc_column_inner][\/vc_row_inner][vc_empty_space height=&#8221;80px&#8221;][\/vc_column][\/vc_row][vc_row][vc_column][vc_row_inner][vc_column_inner offset=&#8221;vc_col-md-offset-7 vc_col-md-5&#8243;][vc_column_text]<\/p>\n<h2>La redecorati\u00f3n del palacio Barbarigo Minotto en el mil setecientos<\/h2>\n<p>[\/vc_column_text][vc_empty_space][\/vc_column_inner][\/vc_row_inner][vc_row_inner][vc_column_inner width=&#8221;1\/2&#8243;][vc_single_image image=&#8221;75748&#8243; img_size=&#8221;full&#8221; alignment=&#8221;center&#8221; style=&#8221;vc_box_circle&#8221;][\/vc_column_inner][vc_column_inner css=&#8221;.vc_custom_1500200680272{border-left-width: 1px !important;padding-top: 8px !important;padding-bottom: 8px !important;border-left-color: #c59c26 !important;border-left-style: solid !important;}&#8221; offset=&#8221;vc_col-lg-offset-1 vc_col-lg-5 vc_col-md-6&#8243;][vc_column_text]En 1741, el ferrar\u00e9s Gerolamo Mengozzi Colonna, famoso quadraturista, fue retribuido por haber pintado la capilla familiar situada en una concavidad de la pared y cerrada con dos bastidores de madera. En 1742 Mengozzi Colonna se dedica tambi\u00e9n al portego, sal\u00f3n central, por el cual provee los esbozos para las hermosas terrazas a la veneciana.<br \/>\nAdentro son muy lindas las puertas en estilo Luis XIV contrachapadas en nogal y las manijas en bronce a forma de hoja de parra.<br \/>\nEl piso principal todav\u00eda conserva una capilla de familia con pisos marquetados en olmo y nogal y un extraordinario adorno de estucos de Carpoforo Mazzetti apodado el Tencalla.<\/p>\n<p>Carpoforo Mazzetti, disc\u00edpulo de Abbondio Stazio, ambos habitantes del Cant\u00f3n Ticino, realiz\u00f3 los estucos en la alcoba estilo rocalla, constituida por el vano central para la cama con las dos alas laterales con peque\u00f1as puertas adornadas con espejos. La cimera del vano central est\u00e1 adornada por amorcillos sujetaescudos, puestos de espaldas mirando hacia la alcoba.<br \/>\nMazzetti realiz\u00f3 tambi\u00e9n los estucos del comedor que representan escenas mitol\u00f3gicas en tenues matices de color pastel y animalitos tan coloridos que crean efectos de marcado realismo.<\/p>\n<p>En 1741 el c\u00e9lebre pintor veneciano Giambattista Tiepolo realiz\u00f3 los admirables monocromos y dos de las sobrepuertas que enmarcan la gran tela, pintura al \u00f3leo, La Virt\u00f9 e la Nobilt\u00e0 vincono l\u2019ignoranza que se encuentra hoy en Ca\u2019 Rezzonico y aqu\u00ed sustituida por una maravillosa copia del siglo XX.[\/vc_column_text][\/vc_column_inner][\/vc_row_inner][vc_empty_space height=&#8221;80px&#8221;][\/vc_column][\/vc_row][vc_row][vc_column][vc_row_inner][vc_column_inner offset=&#8221;vc_col-lg-5 vc_col-md-6&#8243;][vc_column_text]<\/p>\n<h2>La simbolog\u00eda mason\u00edca<\/h2>\n<p>[\/vc_column_text][vc_empty_space][\/vc_column_inner][\/vc_row_inner][vc_row_inner][vc_column_inner css=&#8221;.vc_custom_1500200652008{border-left-width: 1px !important;padding-top: 8px !important;padding-bottom: 8px !important;border-left-color: #c59c26 !important;border-left-style: solid !important;}&#8221; offset=&#8221;vc_col-lg-5 vc_col-md-6&#8243;][vc_column_text]Toda la decoraci\u00f3n pict\u00f3rica simboliza los intereses culturales de la pareja de \u201cGregorietto\u201d y Caterina Sagredo reci\u00e9n casados. Cuatro monocromos se refieren a las ciencias: la Historia, la Astronom\u00eda, la Geograf\u00eda y la Astrolog\u00eda. Los otros cuatro, con marcos mixtil\u00edneos representan las Artes: la Pintura, la Escultura, la M\u00fasica y la Poes\u00eda. En las sobrepuertas, el Tiepolo hab\u00eda pintado el fresco del M\u00e9rito y la Abundancia. Se identifican adem\u00e1s muchos s\u00edmbolos propios de la masoner\u00eda. \u00c9ste ciclo revela la influencia de la moda neocl\u00e1sica que, en aquellos a\u00f1os, se iba afirmando en la ciudad a trav\u00e9s de motivos ornamentales, piezas esculturales antiguas, sarc\u00f3fagos, \u00e1nforas y vasos unidos a la \u201col\u00edmpica gracia\u201d de los personajes representados. Tal pintura expresa la gran felicidad de las obras aut\u00f3grafas de Gianbattista. A la sala amarilla se la conoce como la habitaci\u00f3n de la \u201cSabidur\u00eda\u201d porque el ciclo entero de los monocromos es la celebraci\u00f3n del comisionista estudioso de las artes y de las ciencias que conceden bienestar y nobleza.<\/p>\n<p>En la tela central, realizada por Tiepolo entre 1744-1745, al lado de las dos figuras femeninas que representan la Nobilt\u00e0 y la Virt\u00f9, aparece un rostro colocado detr\u00e1s del amorcillo que sostiene la cola de la Nobilt\u00e0. Este podr\u00eda ser el retrato del hijo del pintor, Giuseppe Maria, el futuro padre somasco; en el compa\u00f1ero del paje de honor se puede reconocer el autorretrato del artista. El murci\u00e9lago retenido con un hilo por el amorcillo, cerca de la figura \u201cen ca\u00ecda\u201d, son los s\u00edmbolos del Vicio y de la Ignorancia derrotados por la Virtud y la Nobleza, tema conmemorativo para los comisionistas. La pintura revela en el estilo la madurez lograda por Tiepolo mediante una rendici\u00f3n ejecutiva de gran calidad, que rememora a los modelos veroneses.[\/vc_column_text][\/vc_column_inner][vc_column_inner offset=&#8221;vc_col-lg-offset-1 vc_col-lg-6 vc_col-md-6 vc_hidden-sm vc_hidden-xs&#8221;][vc_single_image image=&#8221;75757&#8243; img_size=&#8221;full&#8221; alignment=&#8221;center&#8221; style=&#8221;vc_box_circle&#8221;][\/vc_column_inner][\/vc_row_inner][vc_empty_space height=&#8221;80px&#8221;][\/vc_column][\/vc_row][vc_row][vc_column][vc_row_inner][vc_column_inner offset=&#8221;vc_col-md-offset-7 vc_col-md-5&#8243;][vc_column_text]<\/p>\n<h2>El palacio hoy<\/h2>\n<p>[\/vc_column_text][vc_empty_space][\/vc_column_inner][\/vc_row_inner][vc_row_inner][vc_column_inner width=&#8221;1\/2&#8243;][vc_single_image image=&#8221;75743&#8243; img_size=&#8221;full&#8221; alignment=&#8221;center&#8221; style=&#8221;vc_box_circle&#8221;][\/vc_column_inner][vc_column_inner css=&#8221;.vc_custom_1500200680272{border-left-width: 1px !important;padding-top: 8px !important;padding-bottom: 8px !important;border-left-color: #c59c26 !important;border-left-style: solid !important;}&#8221; offset=&#8221;vc_col-lg-offset-1 vc_col-lg-5 vc_col-md-6&#8243;][vc_column_text]La familia Barbarigo desapareci\u00f3 en 1804 con la muerte de la brillante y mundana Contarina Barbarigo, y el palacio pas\u00f3 como herencia a la familia de Marcantonio Michiel.<br \/>\nDepu\u00e9s de varias vicisitudes, el palacio pas\u00f3 a manos de la familia Don\u00e0 delle Rose.<\/p>\n<p>Desde hace doce a\u00f1os, es la sede de la asociaci\u00f3n cultural \u201cMusica a Palazzo\u201d que se encarga de numerosas restauraciones de la estructura y del mobiliario.[\/vc_column_text][\/vc_column_inner][\/vc_row_inner][vc_empty_space height=&#8221;80px&#8221;][\/vc_column][\/vc_row]<\/p>\n<\/div>","protected":false},"excerpt":{"rendered":"<p>[vc_row][vc_column][vc_empty_space height=&#8221;100px&#8221;][\/vc_column][\/vc_row][vc_row][vc_column width=&#8221;1\/2&#8243; css=&#8221;.vc_custom_1554383581378{margin-left: 0px !important;padding-left: 0px !important;}&#8221;][vc_column_text] PALACIO BARBARIGO MINOTTO Notas hist\u00f3ricas [\/vc_column_text][vc_empty_space][vc_column_text]El palacio Barbarigo Minotto se encuentra a la izquierda del Canal Grande y est\u00e1 formado por dos edificios unidos en el siglo XVII: el componente m\u00e1s antiguo, sede de la asociaci\u00f3n cultural&#8230;<\/p>\n","protected":false},"author":101015,"featured_media":0,"parent":0,"menu_order":0,"comment_status":"closed","ping_status":"closed","template":"","meta":{"footnotes":""},"class_list":["post-76243","page","type-page","status-publish","hentry"],"yoast_head":"<!-- This site is optimized with the Yoast SEO plugin v26.8 - https:\/\/yoast.com\/product\/yoast-seo-wordpress\/ -->\n<title>Palacio Barbarigo Minotto - Musica Palazzo<\/title>\n<meta name=\"robots\" content=\"index, follow, max-snippet:-1, max-image-preview:large, max-video-preview:-1\" \/>\n<link rel=\"canonical\" href=\"https:\/\/www.musicapalazzo.com\/es\/barbarigo-minotto-palace\/\" \/>\n<meta property=\"og:locale\" content=\"es_ES\" \/>\n<meta property=\"og:type\" content=\"article\" \/>\n<meta property=\"og:title\" content=\"Palacio Barbarigo Minotto - Musica Palazzo\" \/>\n<meta property=\"og:description\" content=\"[vc_row][vc_column][vc_empty_space height=&#8221;100px&#8221;][\/vc_column][\/vc_row][vc_row][vc_column width=&#8221;1\/2&#8243; css=&#8221;.vc_custom_1554383581378{margin-left: 0px !important;padding-left: 0px !important;}&#8221;][vc_column_text] PALACIO BARBARIGO MINOTTO Notas hist\u00f3ricas [\/vc_column_text][vc_empty_space][vc_column_text]El palacio Barbarigo Minotto se encuentra a la izquierda del Canal Grande y est\u00e1 formado por dos edificios unidos en el siglo XVII: el componente m\u00e1s antiguo, sede de la asociaci\u00f3n cultural...\" \/>\n<meta property=\"og:url\" content=\"https:\/\/www.musicapalazzo.com\/es\/barbarigo-minotto-palace\/\" \/>\n<meta property=\"og:site_name\" content=\"Musica Palazzo\" \/>\n<meta property=\"article:modified_time\" content=\"2019-04-16T11:07:26+00:00\" \/>\n<meta name=\"twitter:card\" content=\"summary_large_image\" \/>\n<meta name=\"twitter:label1\" content=\"Est. reading time\" \/>\n\t<meta name=\"twitter:data1\" content=\"8 minutes\" \/>\n<script type=\"application\/ld+json\" class=\"yoast-schema-graph\">{\"@context\":\"https:\/\/schema.org\",\"@graph\":[{\"@type\":\"WebPage\",\"@id\":\"https:\/\/www.musicapalazzo.com\/es\/barbarigo-minotto-palace\/\",\"url\":\"https:\/\/www.musicapalazzo.com\/es\/barbarigo-minotto-palace\/\",\"name\":\"Palacio Barbarigo Minotto - Musica Palazzo\",\"isPartOf\":{\"@id\":\"https:\/\/www.musicapalazzo.com\/es\/#website\"},\"datePublished\":\"2018-04-26T14:33:13+00:00\",\"dateModified\":\"2019-04-16T11:07:26+00:00\",\"breadcrumb\":{\"@id\":\"https:\/\/www.musicapalazzo.com\/es\/barbarigo-minotto-palace\/#breadcrumb\"},\"inLanguage\":\"es-ES\",\"potentialAction\":[{\"@type\":\"ReadAction\",\"target\":[\"https:\/\/www.musicapalazzo.com\/es\/barbarigo-minotto-palace\/\"]}]},{\"@type\":\"BreadcrumbList\",\"@id\":\"https:\/\/www.musicapalazzo.com\/es\/barbarigo-minotto-palace\/#breadcrumb\",\"itemListElement\":[{\"@type\":\"ListItem\",\"position\":1,\"name\":\"Home\",\"item\":\"https:\/\/www.musicapalazzo.com\/es\/\"},{\"@type\":\"ListItem\",\"position\":2,\"name\":\"Palacio Barbarigo Minotto\"}]},{\"@type\":\"WebSite\",\"@id\":\"https:\/\/www.musicapalazzo.com\/es\/#website\",\"url\":\"https:\/\/www.musicapalazzo.com\/es\/\",\"name\":\"Musica Palazzo\",\"description\":\"Associazione Culturale Music at the Palace\",\"potentialAction\":[{\"@type\":\"SearchAction\",\"target\":{\"@type\":\"EntryPoint\",\"urlTemplate\":\"https:\/\/www.musicapalazzo.com\/es\/?s={search_term_string}\"},\"query-input\":{\"@type\":\"PropertyValueSpecification\",\"valueRequired\":true,\"valueName\":\"search_term_string\"}}],\"inLanguage\":\"es-ES\"}]}<\/script>\n<!-- \/ Yoast SEO plugin. -->","yoast_head_json":{"title":"Palacio Barbarigo Minotto - Musica Palazzo","robots":{"index":"index","follow":"follow","max-snippet":"max-snippet:-1","max-image-preview":"max-image-preview:large","max-video-preview":"max-video-preview:-1"},"canonical":"https:\/\/www.musicapalazzo.com\/es\/barbarigo-minotto-palace\/","og_locale":"es_ES","og_type":"article","og_title":"Palacio Barbarigo Minotto - Musica Palazzo","og_description":"[vc_row][vc_column][vc_empty_space height=&#8221;100px&#8221;][\/vc_column][\/vc_row][vc_row][vc_column width=&#8221;1\/2&#8243; css=&#8221;.vc_custom_1554383581378{margin-left: 0px !important;padding-left: 0px !important;}&#8221;][vc_column_text] PALACIO BARBARIGO MINOTTO Notas hist\u00f3ricas [\/vc_column_text][vc_empty_space][vc_column_text]El palacio Barbarigo Minotto se encuentra a la izquierda del Canal Grande y est\u00e1 formado por dos edificios unidos en el siglo XVII: el componente m\u00e1s antiguo, sede de la asociaci\u00f3n cultural...","og_url":"https:\/\/www.musicapalazzo.com\/es\/barbarigo-minotto-palace\/","og_site_name":"Musica Palazzo","article_modified_time":"2019-04-16T11:07:26+00:00","twitter_card":"summary_large_image","twitter_misc":{"Est. reading time":"8 minutes"},"schema":{"@context":"https:\/\/schema.org","@graph":[{"@type":"WebPage","@id":"https:\/\/www.musicapalazzo.com\/es\/barbarigo-minotto-palace\/","url":"https:\/\/www.musicapalazzo.com\/es\/barbarigo-minotto-palace\/","name":"Palacio Barbarigo Minotto - Musica Palazzo","isPartOf":{"@id":"https:\/\/www.musicapalazzo.com\/es\/#website"},"datePublished":"2018-04-26T14:33:13+00:00","dateModified":"2019-04-16T11:07:26+00:00","breadcrumb":{"@id":"https:\/\/www.musicapalazzo.com\/es\/barbarigo-minotto-palace\/#breadcrumb"},"inLanguage":"es-ES","potentialAction":[{"@type":"ReadAction","target":["https:\/\/www.musicapalazzo.com\/es\/barbarigo-minotto-palace\/"]}]},{"@type":"BreadcrumbList","@id":"https:\/\/www.musicapalazzo.com\/es\/barbarigo-minotto-palace\/#breadcrumb","itemListElement":[{"@type":"ListItem","position":1,"name":"Home","item":"https:\/\/www.musicapalazzo.com\/es\/"},{"@type":"ListItem","position":2,"name":"Palacio Barbarigo Minotto"}]},{"@type":"WebSite","@id":"https:\/\/www.musicapalazzo.com\/es\/#website","url":"https:\/\/www.musicapalazzo.com\/es\/","name":"Musica Palazzo","description":"Associazione Culturale Music at the Palace","potentialAction":[{"@type":"SearchAction","target":{"@type":"EntryPoint","urlTemplate":"https:\/\/www.musicapalazzo.com\/es\/?s={search_term_string}"},"query-input":{"@type":"PropertyValueSpecification","valueRequired":true,"valueName":"search_term_string"}}],"inLanguage":"es-ES"}]}},"_links":{"self":[{"href":"https:\/\/www.musicapalazzo.com\/es\/wp-json\/wp\/v2\/pages\/76243","targetHints":{"allow":["GET"]}}],"collection":[{"href":"https:\/\/www.musicapalazzo.com\/es\/wp-json\/wp\/v2\/pages"}],"about":[{"href":"https:\/\/www.musicapalazzo.com\/es\/wp-json\/wp\/v2\/types\/page"}],"author":[{"embeddable":true,"href":"https:\/\/www.musicapalazzo.com\/es\/wp-json\/wp\/v2\/users\/101015"}],"replies":[{"embeddable":true,"href":"https:\/\/www.musicapalazzo.com\/es\/wp-json\/wp\/v2\/comments?post=76243"}],"version-history":[{"count":4,"href":"https:\/\/www.musicapalazzo.com\/es\/wp-json\/wp\/v2\/pages\/76243\/revisions"}],"predecessor-version":[{"id":76278,"href":"https:\/\/www.musicapalazzo.com\/es\/wp-json\/wp\/v2\/pages\/76243\/revisions\/76278"}],"wp:attachment":[{"href":"https:\/\/www.musicapalazzo.com\/es\/wp-json\/wp\/v2\/media?parent=76243"}],"curies":[{"name":"wp","href":"https:\/\/api.w.org\/{rel}","templated":true}]}}