{"id":71325,"date":"2018-11-04T12:04:31","date_gmt":"2018-11-04T11:04:31","guid":{"rendered":"https:\/\/www.musicapalazzo.com\/storia-opera-venezia\/"},"modified":"2019-04-16T12:40:52","modified_gmt":"2019-04-16T10:40:52","slug":"historia-de-la-opera-en-venecia","status":"publish","type":"page","link":"https:\/\/www.musicapalazzo.com\/es\/historia-de-la-opera-en-venecia\/","title":{"rendered":"HISTORIA DE LA \u00d3PERA EN VENECIA"},"content":{"rendered":"<div class=\"wpb-content-wrapper\"><p>[vc_row][vc_column][vc_empty_space height=&#8221;100px&#8221;][\/vc_column][\/vc_row][vc_row][vc_column width=&#8221;1\/2&#8243; css=&#8221;.vc_custom_1554376253458{margin-left: 0px !important;padding-left: 0px !important;}&#8221;][vc_column_text]<\/p>\n<h1>HISTORIA DE LA \u00d3PERA EN VENECIA<\/h1>\n<p>[\/vc_column_text][vc_empty_space height=&#8221;50px&#8221;][\/vc_column][vc_column width=&#8221;1\/2&#8243;][\/vc_column][\/vc_row][vc_row][vc_column][vc_row_inner][vc_column_inner offset=&#8221;vc_col-lg-5 vc_col-md-6&#8243;][vc_column_text]<\/p>\n<h2 style=\"text-align: left;\">La \u00d3pera en los palacios<\/h2>\n<p>[\/vc_column_text][vc_empty_space][\/vc_column_inner][\/vc_row_inner][vc_row_inner][vc_column_inner css=&#8221;.vc_custom_1554376010350{border-left-width: 1px !important;padding-top: 8px !important;padding-bottom: 8px !important;border-left-color: #c59c26 !important;border-left-style: solid !important;}&#8221; offset=&#8221;vc_col-lg-5 vc_col-md-6&#8243;][vc_column_text]En la \u00e9poca barroca, los palacios siempre fueron lugares de la m\u00fasica, parte integrante de las fiestas y de las grandes recepciones. En aquellas ocasiones, se combinaban las cantatas y las serenatas aleg\u00f3ricas con las representaciones de \u00f3peras en m\u00fasica a pesar de su car\u00e1cter celebrativo: el mismo Monteverdi escribi\u00f3 la c\u00e9lebre Combattimento di Tancredi e Clorinda que fue representada en 1624 en el palacio Mocenigo. Seis a\u00f1os m\u00e1s tarde, el mismo palacio acogi\u00f3 Proserpina rapita tambi\u00e9n de Monteverdi con el libreto escrito por Giulio Strozzi. Las representaciones de las obras l\u00edricas en los palacios estaban reservadas a un p\u00fablico elegido, limitado a los amigos de la familia noble que hab\u00eda organizado el evento.[\/vc_column_text][\/vc_column_inner][vc_column_inner offset=&#8221;vc_col-lg-offset-1 vc_col-lg-6 vc_col-md-6 vc_hidden-sm vc_hidden-xs&#8221;][vc_single_image image=&#8221;75738&#8243; img_size=&#8221;full&#8221; alignment=&#8221;center&#8221; style=&#8221;vc_box_circle&#8221;][\/vc_column_inner][\/vc_row_inner][vc_empty_space height=&#8221;128px&#8221;][\/vc_column][\/vc_row][vc_row][vc_column][vc_row_inner][vc_column_inner offset=&#8221;vc_col-md-offset-7 vc_col-md-5&#8243;][vc_column_text]<\/p>\n<h2>Nace el primer teatro musical p\u00fablico<\/h2>\n<p>[\/vc_column_text][vc_empty_space][\/vc_column_inner][\/vc_row_inner][vc_row_inner][vc_column_inner width=&#8221;1\/2&#8243;][vc_single_image image=&#8221;75772&#8243; img_size=&#8221;full&#8221; alignment=&#8221;center&#8221; style=&#8221;vc_box_circle&#8221;][\/vc_column_inner][vc_column_inner css=&#8221;.vc_custom_1554374341198{border-left-width: 1px !important;padding-top: 8px !important;padding-bottom: 8px !important;border-left-color: #c59c26 !important;border-left-style: solid !important;}&#8221; offset=&#8221;vc_col-lg-offset-1 vc_col-lg-5 vc_col-md-6&#8243;][vc_column_text]En 1636, acontece un hecho extraordinario destinado a cambiar la historia de la \u00f3pera en Venecia: la familia Tron obtiene el permiso del Consejo de los Diez para reconstruir el teatro S. Cassiano (quemado por un incendio). El permiso no era para destinarlo a las comedias, sino para el teatro musical.<\/p>\n<p>Se reconstruy\u00f3 el teatro en menos de un a\u00f1o y en 1637 se inaugur\u00f3: por primera vez en la historia del melodrama naci\u00f3 un teatro musical p\u00fablico de pago.<\/p>\n<p>El \u00e9xito fue tal que muy pronto se edificaron 16 teatros m\u00e1s y a lo largo del siglo sucesivo Venecia tuvo la envidiable primac\u00eda europea como Ciudad de la \u00d3pera por excelencia.<\/p>\n<p>Entre la apertura del teatro S. Cassiano y la apertura del \u00faltimo teatro de siglo el S. Giovanni Grisostomo en 1678, en Venecia se representaron m\u00e1s de 150 \u00f3peras.<\/p>\n<p>Entre los compositores m\u00e1s importantes que pasaron por Venecia se recuerdan Monteverdi, Francesco Cavalli y Crespi, que tuvieron la virtud de inaugurar una f\u00f3rmula de \u00f3pera l\u00edrica y que otros compositores perfeccionaron m\u00e1s adelante, cuyas unidades estructurales pon\u00edan en equilibrio el aporte del libretista y del compositor. En el siglo XVII en Venecia, se manifiesta adem\u00e1s la aria da capo que consolida la relaci\u00f3n din\u00e1mica entre el p\u00fablico y los cantantes y emerge la figura de la prima donna.[\/vc_column_text][\/vc_column_inner][\/vc_row_inner][vc_empty_space height=&#8221;128px&#8221;][\/vc_column][\/vc_row][vc_row][vc_column][vc_empty_space][vc_column_text]<\/p>\n<h2>El joven Rossini en el Teatro S. Mois\u00e8<\/h2>\n<p>[\/vc_column_text][vc_empty_space][vc_row_inner][vc_column_inner css=&#8221;.vc_custom_1554374325779{border-left-width: 1px !important;padding-top: 8px !important;padding-bottom: 8px !important;border-left-color: #c59c26 !important;border-left-style: solid !important;}&#8221; offset=&#8221;vc_col-lg-5 vc_col-md-6&#8243;][vc_empty_space][vc_column_text]El Teatro S. Mois\u00e8 fue uno de los primeros teatros en donde se representaron las \u00f3peras. Es un teatro peque\u00f1o pero muy elegante que dio lugar a temporadas de gran calidad musical. Se representaron all\u00ed \u00f3peras de Cavalli, Vivaldi, Albinoni, Galuppi y Rossini.<\/p>\n<p>El joven Gioacchino Rossini debut\u00f3 en el mismo teatro a los 18 a\u00f1os con El contrato de matrimonio y despu\u00e9s del triunfo fue largamente aplaudido por El enga\u00f1o afortunado; La escalera de seda; La ocasi\u00f3n hace al ladr\u00f3n y El se\u00f1or Bruschino. El teatro S. Mois\u00e8 se cerr\u00f3 y se vendi\u00f3 en 1818.<\/p>\n<p>\u201cAunque el rey emperador Napole\u00f3n hubiera honrado Venecia con su presencia, su llegada no habr\u00eda distra\u00eddo el p\u00fablico de Rossini\u201d (Stendhal, Vita di Rossini)[\/vc_column_text][\/vc_column_inner][vc_column_inner offset=&#8221;vc_col-lg-offset-1 vc_col-lg-6 vc_col-md-6 vc_hidden-sm vc_hidden-xs&#8221;][vc_single_image image=&#8221;75777&#8243; img_size=&#8221;full&#8221; alignment=&#8221;center&#8221; style=&#8221;vc_box_circle&#8221;][\/vc_column_inner][\/vc_row_inner][vc_empty_space height=&#8221;128px&#8221;][\/vc_column][\/vc_row][vc_row][vc_column][vc_empty_space][vc_row_inner][vc_column_inner offset=&#8221;vc_col-md-offset-7 vc_col-md-5&#8243;][vc_column_text]<\/p>\n<h2>El Teatro La Fenice<\/h2>\n<p>[\/vc_column_text][vc_empty_space][\/vc_column_inner][\/vc_row_inner][vc_row_inner][vc_column_inner width=&#8221;1\/2&#8243;][vc_single_image image=&#8221;75788&#8243; img_size=&#8221;full&#8221; alignment=&#8221;center&#8221; style=&#8221;vc_box_circle&#8221;][vc_column_text]<\/p>\n<p style=\"text-align: left;\"><span style=\"font-size: 12px;\">Foto: Pietro Tessarin<\/span><\/p>\n<p>[\/vc_column_text][\/vc_column_inner][vc_column_inner css=&#8221;.vc_custom_1500200680272{border-left-width: 1px !important;padding-top: 8px !important;padding-bottom: 8px !important;border-left-color: #c59c26 !important;border-left-style: solid !important;}&#8221; offset=&#8221;vc_col-lg-offset-1 vc_col-lg-5 vc_col-md-6&#8243;][vc_column_text]En el siglo XVIII, Venecia ten\u00eda siete teatros de \u00f3pera y el m\u00e1s importante en 1773 era el S. Benedetto que fue destruido en un incendio. La disputa judicial que surgi\u00f3 despu\u00e9s de la reconstrucci\u00f3n, entre la familia Venier (propietaria del terreno) y la sociedad propietaria del teatro llev\u00f3 a esta \u00faltima, despu\u00e9s de haber perdido el juicio, a construir un nuevo teatro a\u00fan m\u00e1s lujoso: el teatro La Fenice.<\/p>\n<p>El nuevo teatro se inaugur\u00f3 en 1790 y hasta 1836 fue el lugar donde se representaron los estrenos de muchas obras maestras entre las cuales Tancredi y la Semiramide de Rossini, Capuletos y Montescos y Beatriz de Tenda de Bellini, Belisario, Pia de\u2019 Tolomei y Mar\u00eda de Rudenz de Donizetti.<\/p>\n<p>El m\u00e1s importante teatro v\u00e9neto fue destruido en un incendio en 1836.<\/p>\n<p>La reconstrucci\u00f3n del teatro La Fenice aport\u00f3 numerosas modificaciones a la estructura del teatro y lo hizo a\u00fan m\u00e1s elegante y bello, el teatro sigue as\u00ed con su inigualable camino como uno de los m\u00e1ximos teatros italianos y europeos.<\/p>\n<p>El teatro La Fenice contribuy\u00f3 a formar parte de la historia del melodrama acogiendo, despu\u00e9s del teatro La Scala, el mayor n\u00famero de \u00f3peras verdianas.<\/p>\n<p>El teatro sufri\u00f3 a lo largo del siglo XX numerosas intervenciones de restauraci\u00f3n y en 1987 fue nuevamente reconstruido luego de un incendio devastador.<\/p>\n<p>No obstante, durante este siglo tambi\u00e9n se representaron varios estrenos absolutos de incre\u00edble importancia entre los cuales El progreso del libertino de \u00cdgor Fi\u00f3dorovich Stravinski, \u00c1ngel de fuego de Sergu\u00e9i Prok\u00f3fiev, La vuelta de tuerca de Benjamin Britten, Intolleranza 1960 de Luigi Nono.[\/vc_column_text][\/vc_column_inner][\/vc_row_inner][vc_empty_space height=&#8221;128px&#8221;][\/vc_column][\/vc_row][vc_row][vc_column][vc_empty_space][vc_column_text]<\/p>\n<h2>Las \u00f3peras de Giuseppe Verdi en venecia<\/h2>\n<p>[\/vc_column_text][vc_empty_space][vc_row_inner][vc_column_inner css=&#8221;.vc_custom_1554374325779{border-left-width: 1px !important;padding-top: 8px !important;padding-bottom: 8px !important;border-left-color: #c59c26 !important;border-left-style: solid !important;}&#8221; offset=&#8221;vc_col-lg-5 vc_col-md-6&#8243;][vc_empty_space][vc_column_text]Giuseppe Verdi escribi\u00f3 cinco \u00f3peras comisionadas por el teatro La Fenice: Ernani, Attila, Rigoletto, La traviata e Sim\u00f3n Boccanegra.<\/p>\n<p>Ernani, con su libreta escrita por el veneciano Francesco Maria se estren\u00f3 el 10 marzo de 1844 y si bien sufri\u00f3 pesadas censuras por parte de la polic\u00eda austr\u00edaca tuvo igualmente \u00e9xito.<\/p>\n<p>Attila, puesta en escena el 17 de marzo de 1846, gener\u00f3 un enorme entusiasmo en los venecianos ya que hablaba del nacimiento de la ciudad de Venecia: \u201cTuvo mucho \u00e9xito el estreno, y cre\u00f3 fanatismo en la segunda representaci\u00f3n\u201d (G. Verdi).<\/p>\n<p>Rigoletto, representado el 11 de marzo de 1851, fue un verdadero triunfo para Giuseppe Verdi que fue consagrado por la prensa como un genio.<\/p>\n<p>El estreno de La traviata, en cambio, fue un fracaso clamoroso probablemente por causa de los int\u00e9rpretes que no estaban a la altura y por la falta de decoro del libreto. La \u00f3pera, inspirada en Las damas de las camelias de Dumas hijo, fue representada el 6 de marzo de 1853: \u201cLa traviata ayer a la noche, un fracaso. La culpa es m\u00eda o de los cantantes. \u00a1El tiempo juzgar\u00e1!\u201d (G. Verdi)<\/p>\n<p>El a\u00f1o sucesivo la misma \u00f3pera tuvo un gran \u00e9xito.<\/p>\n<p>El \u00faltimo estreno veneciano de Verdi fue Sim\u00f3n Boccanegra, puesta en escena en La Fenice en marzo de 1857, como La traviata no tuvo \u00e9xito en su primera representaci\u00f3n \u201cfracas\u00e9 casi como con La traviata\u201d (G. Verdi) mas en la segunda representaci\u00f3n los aplausos se triplicaron, lo que as\u00ed tribut\u00f3 el gran \u00e9xito.<\/p>\n<p>Patrizia Di Paolo[\/vc_column_text][\/vc_column_inner][vc_column_inner offset=&#8221;vc_col-lg-offset-1 vc_col-lg-6 vc_col-md-6 vc_hidden-sm vc_hidden-xs&#8221;][vc_single_image image=&#8221;75783&#8243; img_size=&#8221;full&#8221; alignment=&#8221;center&#8221; style=&#8221;vc_box_circle&#8221;][\/vc_column_inner][\/vc_row_inner][vc_empty_space height=&#8221;128px&#8221;][\/vc_column][\/vc_row]<\/p>\n<\/div>","protected":false},"excerpt":{"rendered":"<p>[vc_row][vc_column][vc_empty_space height=&#8221;100px&#8221;][\/vc_column][\/vc_row][vc_row][vc_column width=&#8221;1\/2&#8243; css=&#8221;.vc_custom_1554376253458{margin-left: 0px !important;padding-left: 0px !important;}&#8221;][vc_column_text] HISTORIA DE LA \u00d3PERA EN VENECIA [\/vc_column_text][vc_empty_space height=&#8221;50px&#8221;][\/vc_column][vc_column width=&#8221;1\/2&#8243;][\/vc_column][\/vc_row][vc_row][vc_column][vc_row_inner][vc_column_inner offset=&#8221;vc_col-lg-5 vc_col-md-6&#8243;][vc_column_text] La \u00d3pera en los palacios [\/vc_column_text][vc_empty_space][\/vc_column_inner][\/vc_row_inner][vc_row_inner][vc_column_inner css=&#8221;.vc_custom_1554376010350{border-left-width: 1px !important;padding-top: 8px !important;padding-bottom: 8px !important;border-left-color: #c59c26 !important;border-left-style: solid !important;}&#8221; offset=&#8221;vc_col-lg-5 vc_col-md-6&#8243;][vc_column_text]En la \u00e9poca barroca, los palacios siempre fueron&#8230;<\/p>\n","protected":false},"author":101015,"featured_media":0,"parent":0,"menu_order":0,"comment_status":"closed","ping_status":"closed","template":"","meta":{"footnotes":""},"class_list":["post-71325","page","type-page","status-publish","hentry"],"yoast_head":"<!-- This site is optimized with the Yoast SEO plugin v26.8 - https:\/\/yoast.com\/product\/yoast-seo-wordpress\/ -->\n<title>HISTORIA DE LA \u00d3PERA EN VENECIA - Musica Palazzo<\/title>\n<meta name=\"robots\" content=\"index, follow, max-snippet:-1, max-image-preview:large, max-video-preview:-1\" \/>\n<link rel=\"canonical\" href=\"https:\/\/www.musicapalazzo.com\/es\/historia-de-la-opera-en-venecia\/\" \/>\n<meta property=\"og:locale\" content=\"es_ES\" \/>\n<meta property=\"og:type\" content=\"article\" \/>\n<meta property=\"og:title\" content=\"HISTORIA DE LA \u00d3PERA EN VENECIA - Musica Palazzo\" \/>\n<meta property=\"og:description\" content=\"[vc_row][vc_column][vc_empty_space height=&#8221;100px&#8221;][\/vc_column][\/vc_row][vc_row][vc_column width=&#8221;1\/2&#8243; css=&#8221;.vc_custom_1554376253458{margin-left: 0px !important;padding-left: 0px !important;}&#8221;][vc_column_text] HISTORIA DE LA \u00d3PERA EN VENECIA [\/vc_column_text][vc_empty_space height=&#8221;50px&#8221;][\/vc_column][vc_column width=&#8221;1\/2&#8243;][\/vc_column][\/vc_row][vc_row][vc_column][vc_row_inner][vc_column_inner offset=&#8221;vc_col-lg-5 vc_col-md-6&#8243;][vc_column_text] La \u00d3pera en los palacios [\/vc_column_text][vc_empty_space][\/vc_column_inner][\/vc_row_inner][vc_row_inner][vc_column_inner css=&#8221;.vc_custom_1554376010350{border-left-width: 1px !important;padding-top: 8px !important;padding-bottom: 8px !important;border-left-color: #c59c26 !important;border-left-style: solid !important;}&#8221; offset=&#8221;vc_col-lg-5 vc_col-md-6&#8243;][vc_column_text]En la \u00e9poca barroca, los palacios siempre fueron...\" \/>\n<meta property=\"og:url\" content=\"https:\/\/www.musicapalazzo.com\/es\/historia-de-la-opera-en-venecia\/\" \/>\n<meta property=\"og:site_name\" content=\"Musica Palazzo\" \/>\n<meta property=\"article:modified_time\" content=\"2019-04-16T10:40:52+00:00\" \/>\n<meta name=\"twitter:card\" content=\"summary_large_image\" \/>\n<meta name=\"twitter:label1\" content=\"Est. reading time\" \/>\n\t<meta name=\"twitter:data1\" content=\"8 minutes\" \/>\n<script type=\"application\/ld+json\" class=\"yoast-schema-graph\">{\"@context\":\"https:\/\/schema.org\",\"@graph\":[{\"@type\":\"WebPage\",\"@id\":\"https:\/\/www.musicapalazzo.com\/es\/historia-de-la-opera-en-venecia\/\",\"url\":\"https:\/\/www.musicapalazzo.com\/es\/historia-de-la-opera-en-venecia\/\",\"name\":\"HISTORIA DE LA \u00d3PERA EN VENECIA - Musica Palazzo\",\"isPartOf\":{\"@id\":\"https:\/\/www.musicapalazzo.com\/es\/#website\"},\"datePublished\":\"2018-11-04T11:04:31+00:00\",\"dateModified\":\"2019-04-16T10:40:52+00:00\",\"breadcrumb\":{\"@id\":\"https:\/\/www.musicapalazzo.com\/es\/historia-de-la-opera-en-venecia\/#breadcrumb\"},\"inLanguage\":\"es-ES\",\"potentialAction\":[{\"@type\":\"ReadAction\",\"target\":[\"https:\/\/www.musicapalazzo.com\/es\/historia-de-la-opera-en-venecia\/\"]}]},{\"@type\":\"BreadcrumbList\",\"@id\":\"https:\/\/www.musicapalazzo.com\/es\/historia-de-la-opera-en-venecia\/#breadcrumb\",\"itemListElement\":[{\"@type\":\"ListItem\",\"position\":1,\"name\":\"Home\",\"item\":\"https:\/\/www.musicapalazzo.com\/es\/\"},{\"@type\":\"ListItem\",\"position\":2,\"name\":\"HISTORIA DE LA \u00d3PERA EN VENECIA\"}]},{\"@type\":\"WebSite\",\"@id\":\"https:\/\/www.musicapalazzo.com\/es\/#website\",\"url\":\"https:\/\/www.musicapalazzo.com\/es\/\",\"name\":\"Musica Palazzo\",\"description\":\"Associazione Culturale Music at the Palace\",\"potentialAction\":[{\"@type\":\"SearchAction\",\"target\":{\"@type\":\"EntryPoint\",\"urlTemplate\":\"https:\/\/www.musicapalazzo.com\/es\/?s={search_term_string}\"},\"query-input\":{\"@type\":\"PropertyValueSpecification\",\"valueRequired\":true,\"valueName\":\"search_term_string\"}}],\"inLanguage\":\"es-ES\"}]}<\/script>\n<!-- \/ Yoast SEO plugin. -->","yoast_head_json":{"title":"HISTORIA DE LA \u00d3PERA EN VENECIA - Musica Palazzo","robots":{"index":"index","follow":"follow","max-snippet":"max-snippet:-1","max-image-preview":"max-image-preview:large","max-video-preview":"max-video-preview:-1"},"canonical":"https:\/\/www.musicapalazzo.com\/es\/historia-de-la-opera-en-venecia\/","og_locale":"es_ES","og_type":"article","og_title":"HISTORIA DE LA \u00d3PERA EN VENECIA - Musica Palazzo","og_description":"[vc_row][vc_column][vc_empty_space height=&#8221;100px&#8221;][\/vc_column][\/vc_row][vc_row][vc_column width=&#8221;1\/2&#8243; css=&#8221;.vc_custom_1554376253458{margin-left: 0px !important;padding-left: 0px !important;}&#8221;][vc_column_text] HISTORIA DE LA \u00d3PERA EN VENECIA [\/vc_column_text][vc_empty_space height=&#8221;50px&#8221;][\/vc_column][vc_column width=&#8221;1\/2&#8243;][\/vc_column][\/vc_row][vc_row][vc_column][vc_row_inner][vc_column_inner offset=&#8221;vc_col-lg-5 vc_col-md-6&#8243;][vc_column_text] La \u00d3pera en los palacios [\/vc_column_text][vc_empty_space][\/vc_column_inner][\/vc_row_inner][vc_row_inner][vc_column_inner css=&#8221;.vc_custom_1554376010350{border-left-width: 1px !important;padding-top: 8px !important;padding-bottom: 8px !important;border-left-color: #c59c26 !important;border-left-style: solid !important;}&#8221; offset=&#8221;vc_col-lg-5 vc_col-md-6&#8243;][vc_column_text]En la \u00e9poca barroca, los palacios siempre fueron...","og_url":"https:\/\/www.musicapalazzo.com\/es\/historia-de-la-opera-en-venecia\/","og_site_name":"Musica Palazzo","article_modified_time":"2019-04-16T10:40:52+00:00","twitter_card":"summary_large_image","twitter_misc":{"Est. reading time":"8 minutes"},"schema":{"@context":"https:\/\/schema.org","@graph":[{"@type":"WebPage","@id":"https:\/\/www.musicapalazzo.com\/es\/historia-de-la-opera-en-venecia\/","url":"https:\/\/www.musicapalazzo.com\/es\/historia-de-la-opera-en-venecia\/","name":"HISTORIA DE LA \u00d3PERA EN VENECIA - Musica Palazzo","isPartOf":{"@id":"https:\/\/www.musicapalazzo.com\/es\/#website"},"datePublished":"2018-11-04T11:04:31+00:00","dateModified":"2019-04-16T10:40:52+00:00","breadcrumb":{"@id":"https:\/\/www.musicapalazzo.com\/es\/historia-de-la-opera-en-venecia\/#breadcrumb"},"inLanguage":"es-ES","potentialAction":[{"@type":"ReadAction","target":["https:\/\/www.musicapalazzo.com\/es\/historia-de-la-opera-en-venecia\/"]}]},{"@type":"BreadcrumbList","@id":"https:\/\/www.musicapalazzo.com\/es\/historia-de-la-opera-en-venecia\/#breadcrumb","itemListElement":[{"@type":"ListItem","position":1,"name":"Home","item":"https:\/\/www.musicapalazzo.com\/es\/"},{"@type":"ListItem","position":2,"name":"HISTORIA DE LA \u00d3PERA EN VENECIA"}]},{"@type":"WebSite","@id":"https:\/\/www.musicapalazzo.com\/es\/#website","url":"https:\/\/www.musicapalazzo.com\/es\/","name":"Musica Palazzo","description":"Associazione Culturale Music at the Palace","potentialAction":[{"@type":"SearchAction","target":{"@type":"EntryPoint","urlTemplate":"https:\/\/www.musicapalazzo.com\/es\/?s={search_term_string}"},"query-input":{"@type":"PropertyValueSpecification","valueRequired":true,"valueName":"search_term_string"}}],"inLanguage":"es-ES"}]}},"_links":{"self":[{"href":"https:\/\/www.musicapalazzo.com\/es\/wp-json\/wp\/v2\/pages\/71325","targetHints":{"allow":["GET"]}}],"collection":[{"href":"https:\/\/www.musicapalazzo.com\/es\/wp-json\/wp\/v2\/pages"}],"about":[{"href":"https:\/\/www.musicapalazzo.com\/es\/wp-json\/wp\/v2\/types\/page"}],"author":[{"embeddable":true,"href":"https:\/\/www.musicapalazzo.com\/es\/wp-json\/wp\/v2\/users\/101015"}],"replies":[{"embeddable":true,"href":"https:\/\/www.musicapalazzo.com\/es\/wp-json\/wp\/v2\/comments?post=71325"}],"version-history":[{"count":4,"href":"https:\/\/www.musicapalazzo.com\/es\/wp-json\/wp\/v2\/pages\/71325\/revisions"}],"predecessor-version":[{"id":76275,"href":"https:\/\/www.musicapalazzo.com\/es\/wp-json\/wp\/v2\/pages\/71325\/revisions\/76275"}],"wp:attachment":[{"href":"https:\/\/www.musicapalazzo.com\/es\/wp-json\/wp\/v2\/media?parent=71325"}],"curies":[{"name":"wp","href":"https:\/\/api.w.org\/{rel}","templated":true}]}}