{"id":76242,"date":"2018-04-26T16:33:13","date_gmt":"2018-04-26T14:33:13","guid":{"rendered":"https:\/\/www.musicapalazzo.com\/barbarigo-minotto-palace\/"},"modified":"2019-04-16T13:16:10","modified_gmt":"2019-04-16T11:16:10","slug":"barbarigo-minotto-palace","status":"publish","type":"page","link":"https:\/\/www.musicapalazzo.com\/de\/barbarigo-minotto-palace\/","title":{"rendered":"Palazzo Barbarigo Minotto"},"content":{"rendered":"<div class=\"wpb-content-wrapper\"><p>[vc_row][vc_column][vc_empty_space height=&#8221;100px&#8221;][\/vc_column][\/vc_row][vc_row][vc_column width=&#8221;1\/2&#8243; css=&#8221;.vc_custom_1554383581378{margin-left: 0px !important;padding-left: 0px !important;}&#8221;][vc_column_text]<\/p>\n<h1>PALAZZO BARBARIGO MINOTTO<\/h1>\n<h4 class=\"map-suptitle\">Historische anmerkungen<\/h4>\n<p>[\/vc_column_text][vc_empty_space][vc_column_text]Palazzo Barbarigo Minotto, der Palast liegt an der linken Seite des Canal Grande und besteht aus zwei Geb\u00e4uden, die im XVII. Jahrhundert zusammengebaut wurden: das \u00e4lteste Teil, Sitz der Musik im Palast, war urspr\u00fcnglich Palazzo Minotto, gotisch, aus dem XV. Jahrhundert mit byzantinischen Friesen des XII Jahrhunderts, und Palazzo Barbarigo, der im XVII. Jahrhundert gebaut wurde. [\/vc_column_text][\/vc_column][vc_column width=&#8221;1\/2&#8243;][\/vc_column][\/vc_row][vc_row][vc_column][vc_empty_space height=&#8221;80px&#8221;][\/vc_column][\/vc_row][vc_row][vc_column][vc_row_inner][vc_column_inner offset=&#8221;vc_col-lg-5 vc_col-md-6&#8243;][vc_column_text]<\/p>\n<h2>Urspr\u00fcnge end erfolg der Famile Barbarigo<\/h2>\n<p>[\/vc_column_text][vc_empty_space][\/vc_column_inner][\/vc_row_inner][vc_row_inner][vc_column_inner css=&#8221;.vc_custom_1500200652008{border-left-width: 1px !important;padding-top: 8px !important;padding-bottom: 8px !important;border-left-color: #c59c26 !important;border-left-style: solid !important;}&#8221; offset=&#8221;vc_col-lg-5 vc_col-md-6&#8243;][vc_column_text]Die Familie Barbarigo, eine Patrizierfamilie istrischer Herkunft, hatte ein Mitglied namens Arrigo, der 880 die sarazenischen Piraten im Kampf besieg und mit den abgeschnittenen B\u00e4rten der Feinde heimkehrte: von hier also der Name (barba=Bart) und der Wappen mit sechs B\u00e4rten. Unter den wichtigsten Familien Venedigs z\u00e4hlen die Barbarigos unter ihren Mitgliedern Bisch\u00f6fe, Kardin\u00e4le und Patriarchen. Unter diesen eben auch Sankt Gregorio Barbarigo, der hier 1625 geboren, 1761 seliggesprochen und 1960 unter dem Pontifikat von Papst Johannes XXIII geheiligt wurde, bereits Patriarch von Venedig. Die Barbarigos haben auch 955 die erste Kirche der Heiligen Maria del Giglio gegr\u00fcndet, die Hl. Maria Zobenigo hie\u00df (L\u00d6WE VON VENEDIG).<\/p>\n<p>Die Serenissima hat auch zwei Barbarigo Dogen gehabt: Marco, der 1485 \u2013 1486 herrschte, der erste Doge, der auf der Treppe der Giganten des Dogenpalasts gekr\u00f6nt wurde. Seine Dogenherrschaft war sehr kurz, scheinbar ist er wegen eines gewaltigen Streits mit seinem Bruder Agostino w\u00e4hrend einer Senatssitzung gestorben. Danach wurde sein Bruder Agostino zum Doge ernannt, der Oberste F\u00fchrer der Serenissima von 1486 \u2013 1501 war, in diesen Jahren schenkte Caterina Corner, K\u00f6nigin von Zypern, ihr K\u00f6nigreich der Republik von Venedig. Er legte den Brauch des Hand-K\u00fcssens vom Doge.<\/p>\n<p>Nach der Hochzeit von Gregorio Barbarigo mit der brillanten und gebildeten Caterina Sagredo im Jahre 1739, wurden die ber\u00fchmtesten K\u00fcnstler der Zeit gerufen, unter denen auch der gro\u00dfe Meister Giambattista Tiepolo, Francesco Fontebasso, Mengozzi Colonna und Carpoforo Mazzetti, um die Pal\u00e4ste zu versch\u00f6nern, den byzantinischen Palast, ex Minotto, sowie den Palast aus dem XII. Jahrhunderts, die schon lange zu einem einzelnen Geb\u00e4ude verbaut wurden.[\/vc_column_text][\/vc_column_inner][vc_column_inner offset=&#8221;vc_col-lg-offset-1 vc_col-lg-6 vc_col-md-6 vc_hidden-sm vc_hidden-xs&#8221;][vc_single_image image=&#8221;71189&#8243; img_size=&#8221;full&#8221; alignment=&#8221;center&#8221; style=&#8221;vc_box_circle&#8221;][\/vc_column_inner][\/vc_row_inner][vc_empty_space height=&#8221;80px&#8221;][\/vc_column][\/vc_row][vc_row][vc_column][vc_row_inner][vc_column_inner offset=&#8221;vc_col-md-offset-7 vc_col-md-5&#8243;][vc_column_text]<\/p>\n<h2>Die renovierung des Palastes Barbarigo Minotto im jahrhundert 1700<\/h2>\n<p>[\/vc_column_text][vc_empty_space][\/vc_column_inner][\/vc_row_inner][vc_row_inner][vc_column_inner width=&#8221;1\/2&#8243;][vc_single_image image=&#8221;75748&#8243; img_size=&#8221;full&#8221; alignment=&#8221;center&#8221; style=&#8221;vc_box_circle&#8221;][\/vc_column_inner][vc_column_inner css=&#8221;.vc_custom_1500200680272{border-left-width: 1px !important;padding-top: 8px !important;padding-bottom: 8px !important;border-left-color: #c59c26 !important;border-left-style: solid !important;}&#8221; offset=&#8221;vc_col-lg-offset-1 vc_col-lg-5 vc_col-md-6&#8243;][vc_column_text]1741 wurde Gerolamo Mengozzi Colonna aus Ferrara, ber\u00fchmter Quadraturist, beauftragt und bezahlt, der die Hauskappelle, die sich in einer vorbereiteten Wandaussparung befand, und von zwei Holzt\u00fcren geschlossen war, bemalte. 1742 k\u00fcmmert sich Mengozzi Colonna auch um das portego, den mittleren Salon, wo er die wundersch\u00f6nen Zeichen f\u00fcr die herrlichen venezianischen Terrassen lieferte.<\/p>\n<p>Im Inneren die sehr sch\u00f6nen Louis XIV Nussbaum furnierte T\u00fcren und die bronzenen Weinbl\u00e4tter-f\u00f6rmige T\u00fcrgriffe.<br \/>\nDie Beletage bewahrt heute noch eine edle Kapelle mit Ulme- und Nuss-Intarsierten B\u00f6den und Stuckatur-Apparaten von Carpoforo Mazzetti, der Tencalla genannt.<\/p>\n<p>Carpoforo Mazzetti, Sch\u00fcler von Abbondio Stazio, beide aus Ticino, hat die Rocaille-Stuckarbeiten in der Bettnische verwirklicht, die aus dem zentralen Raum f\u00fcr das Bett, mit zwei Seitenfl\u00fcgeln und kleinen T\u00fcren mit Spiegeln geschm\u00fcckt, besteht. Der zentrale Helm ist mit schildhaltenden, mit dem R\u00fccken zugewandten und zur Bettnische blickenden Putten geschm\u00fcckt.<br \/>\nDer Mazzetti hat auch die Stuckarbeiten im Esszimmer verwirklicht, die mythologische Szenen in hellen Pastellt\u00f6nen und sehr bunte Kleintiere, die Starke Realismus-Effekte darstellen.<\/p>\n<p>1741 verwirklicht der ber\u00fchmte venediger Maler die wundersch\u00f6nen Monochrome und zwei der Wandschr\u00e4nke, die die gro\u00dfe Leinwand einrahmen, ein \u00d6lgem\u00e4lde, La Virt\u00f9 e la Nobilt\u00e0 vincono l\u2019Ignoranza (Tugend und Adel siegen \u00fcber die Ignoranz), heutzutage in Ca\u2019 Rezzonico aufbewahrt, hier durch eine wundersch\u00f6ne Kopie aus 1900 ersetzt.[\/vc_column_text][\/vc_column_inner][\/vc_row_inner][vc_empty_space height=&#8221;80px&#8221;][\/vc_column][\/vc_row][vc_row][vc_column][vc_row_inner][vc_column_inner offset=&#8221;vc_col-lg-5 vc_col-md-6&#8243;][vc_column_text]<\/p>\n<h2>Die freimaurerische symbolik<\/h2>\n<p>[\/vc_column_text][vc_empty_space][\/vc_column_inner][\/vc_row_inner][vc_row_inner][vc_column_inner css=&#8221;.vc_custom_1500200652008{border-left-width: 1px !important;padding-top: 8px !important;padding-bottom: 8px !important;border-left-color: #c59c26 !important;border-left-style: solid !important;}&#8221; offset=&#8221;vc_col-lg-5 vc_col-md-6&#8243;][vc_column_text]Der ganze Bildschmuck symbolisiert die kulturellen Interessen des Paares \u201cGregorietto\u201d und Caterina Sagredo, seit kurzem verheiratet. Vier Monochrome betreffen die Wissenschaften: Die Geschichte, die Astronomie, die Geographie und die Astrologie. Die anderen vier, mit Faltrahmen, stellen die K\u00fcnste dar: Die Malerei, die Bildhauerei, die Musik und die Dichtung.<br \/>\nAuf den Wandschr\u00e4nken hatte der Tiepolo das Merito e l\u2019Abbondanza freskiert.<br \/>\nEs gibt auch viele freimaurerische Symbole. Dieses Zyklus bezeichnet den Einfluss der neoklassischen Mode, die sich in den Jahren in der Stadt durch ornamentale Motive, Antiquit\u00e4ten, Sarkophage, Amphoren und Vasen, die mit der \u201eOlympischen Gnade\u201c der darstellten Figuren verbunden waren, etablierte.<br \/>\nDiese Malerei stellt die gro\u00dfe Freude der Autogrammwerke von Gianbattista dar.<br \/>\nDie gelbe Wohnstube wird als Zimmer der Weisheit bezeichnet, weil das ganze Zyklus der Monochrome die Begehung des Kunden ist, Liebhaber der K\u00fcnste und der Wissenschaften, die Wohlstand und Adel gew\u00e4hren.<\/p>\n<p>In der zentralen Leinwand, die von Tiepolo zwischen 1744 &#8211; 1745 realisiert wurde, erscheint ein Gesicht, neben den zwei weiblichen Figuren und hinter der Putte, die den Adel darstellen, das die Schleppe des Adels h\u00e4lt. Das k\u00f6nnte das Portr\u00e4t des Sohns des Malers sein, Giuseppe Maria, zuk\u00fcnftiger Somasca-Pater; im Begleiter des Pagen kann man das Selbstportr\u00e4t des K\u00fcnstlers sehen. Die vom \u201egenietto\u201c (Kleingenie) an einem Faden gebundenen Fledermaus, neben der \u201eprecipitata\u201c (abgest\u00fcrzte) Figur sind die Symbole der Unsitte und der Ignoranz, die von der Tugend und von dem Adel besiegt werden, ein feierliches Thema f\u00fcr den Kunden. Das Gem\u00e4lde zeigt uns die stilistische Reife des Tiepolo zu der Zeit, mit einer hochwertigen exekutiven Rendite, eingedenk auf die veronesianischen Modelle.<br \/>\n[\/vc_column_text][\/vc_column_inner][vc_column_inner offset=&#8221;vc_col-lg-offset-1 vc_col-lg-6 vc_col-md-6 vc_hidden-sm vc_hidden-xs&#8221;][vc_single_image image=&#8221;75757&#8243; img_size=&#8221;full&#8221; alignment=&#8221;center&#8221; style=&#8221;vc_box_circle&#8221;][\/vc_column_inner][\/vc_row_inner][vc_empty_space height=&#8221;80px&#8221;][\/vc_column][\/vc_row][vc_row][vc_column][vc_row_inner][vc_column_inner offset=&#8221;vc_col-md-offset-7 vc_col-md-5&#8243;][vc_column_text]<\/p>\n<h2>Der Palast heutzutage<\/h2>\n<p>[\/vc_column_text][vc_empty_space][\/vc_column_inner][\/vc_row_inner][vc_row_inner][vc_column_inner width=&#8221;1\/2&#8243;][vc_single_image image=&#8221;75743&#8243; img_size=&#8221;full&#8221; alignment=&#8221;center&#8221; style=&#8221;vc_box_circle&#8221;][\/vc_column_inner][vc_column_inner css=&#8221;.vc_custom_1500200680272{border-left-width: 1px !important;padding-top: 8px !important;padding-bottom: 8px !important;border-left-color: #c59c26 !important;border-left-style: solid !important;}&#8221; offset=&#8221;vc_col-lg-offset-1 vc_col-lg-5 vc_col-md-6&#8243;][vc_column_text]Die Familie Barbarigo starb 1804 mit der brillanten und Salonl\u00f6win Contarina Barbarigo aus, der Palast wurde von der Familie von Marcantonio Michiel geerbt.<br \/>\nNach verschiedenen Wechself\u00e4llen wurde der Palast zum Eigentum der Familie Don\u00e0 delle Rose.<\/p>\n<p>Seit zw\u00f6lf Jahren ist der Palast Sitz des Kulturvereins \u201cMusica a Palazzo\u201d (Musik im Palast), der den Palast und dessen Ausstattung pflegt.[\/vc_column_text][\/vc_column_inner][\/vc_row_inner][vc_empty_space height=&#8221;80px&#8221;][\/vc_column][\/vc_row]<\/p>\n<\/div>","protected":false},"excerpt":{"rendered":"<p>[vc_row][vc_column][vc_empty_space height=&#8221;100px&#8221;][\/vc_column][\/vc_row][vc_row][vc_column width=&#8221;1\/2&#8243; css=&#8221;.vc_custom_1554383581378{margin-left: 0px !important;padding-left: 0px !important;}&#8221;][vc_column_text] PALAZZO BARBARIGO MINOTTO Historische anmerkungen [\/vc_column_text][vc_empty_space][vc_column_text]Palazzo Barbarigo Minotto, der Palast liegt an der linken Seite des Canal Grande und besteht aus zwei Geb\u00e4uden, die im XVII. Jahrhundert zusammengebaut wurden: das \u00e4lteste Teil, Sitz der Musik im Palast,&#8230;<\/p>\n","protected":false},"author":101015,"featured_media":0,"parent":0,"menu_order":0,"comment_status":"closed","ping_status":"closed","template":"","meta":{"footnotes":""},"class_list":["post-76242","page","type-page","status-publish","hentry"],"yoast_head":"<!-- This site is optimized with the Yoast SEO plugin v26.8 - https:\/\/yoast.com\/product\/yoast-seo-wordpress\/ -->\n<title>Palazzo Barbarigo Minotto - Musica Palazzo<\/title>\n<meta name=\"robots\" content=\"index, follow, max-snippet:-1, max-image-preview:large, max-video-preview:-1\" \/>\n<link rel=\"canonical\" href=\"https:\/\/www.musicapalazzo.com\/de\/barbarigo-minotto-palace\/\" \/>\n<meta property=\"og:locale\" content=\"de_DE\" \/>\n<meta property=\"og:type\" content=\"article\" \/>\n<meta property=\"og:title\" content=\"Palazzo Barbarigo Minotto - Musica Palazzo\" \/>\n<meta property=\"og:description\" content=\"[vc_row][vc_column][vc_empty_space height=&#8221;100px&#8221;][\/vc_column][\/vc_row][vc_row][vc_column width=&#8221;1\/2&#8243; css=&#8221;.vc_custom_1554383581378{margin-left: 0px !important;padding-left: 0px !important;}&#8221;][vc_column_text] PALAZZO BARBARIGO MINOTTO Historische anmerkungen [\/vc_column_text][vc_empty_space][vc_column_text]Palazzo Barbarigo Minotto, der Palast liegt an der linken Seite des Canal Grande und besteht aus zwei Geb\u00e4uden, die im XVII. Jahrhundert zusammengebaut wurden: das \u00e4lteste Teil, Sitz der Musik im Palast,...\" \/>\n<meta property=\"og:url\" content=\"https:\/\/www.musicapalazzo.com\/de\/barbarigo-minotto-palace\/\" \/>\n<meta property=\"og:site_name\" content=\"Musica Palazzo\" \/>\n<meta property=\"article:modified_time\" content=\"2019-04-16T11:16:10+00:00\" \/>\n<meta name=\"twitter:card\" content=\"summary_large_image\" \/>\n<meta name=\"twitter:label1\" content=\"Est. reading time\" \/>\n\t<meta name=\"twitter:data1\" content=\"7 minutes\" \/>\n<script type=\"application\/ld+json\" class=\"yoast-schema-graph\">{\"@context\":\"https:\/\/schema.org\",\"@graph\":[{\"@type\":\"WebPage\",\"@id\":\"https:\/\/www.musicapalazzo.com\/de\/barbarigo-minotto-palace\/\",\"url\":\"https:\/\/www.musicapalazzo.com\/de\/barbarigo-minotto-palace\/\",\"name\":\"Palazzo Barbarigo Minotto - Musica Palazzo\",\"isPartOf\":{\"@id\":\"https:\/\/www.musicapalazzo.com\/de\/#website\"},\"datePublished\":\"2018-04-26T14:33:13+00:00\",\"dateModified\":\"2019-04-16T11:16:10+00:00\",\"breadcrumb\":{\"@id\":\"https:\/\/www.musicapalazzo.com\/de\/barbarigo-minotto-palace\/#breadcrumb\"},\"inLanguage\":\"de-DE\",\"potentialAction\":[{\"@type\":\"ReadAction\",\"target\":[\"https:\/\/www.musicapalazzo.com\/de\/barbarigo-minotto-palace\/\"]}]},{\"@type\":\"BreadcrumbList\",\"@id\":\"https:\/\/www.musicapalazzo.com\/de\/barbarigo-minotto-palace\/#breadcrumb\",\"itemListElement\":[{\"@type\":\"ListItem\",\"position\":1,\"name\":\"Home\",\"item\":\"https:\/\/www.musicapalazzo.com\/de\/\"},{\"@type\":\"ListItem\",\"position\":2,\"name\":\"Palazzo Barbarigo Minotto\"}]},{\"@type\":\"WebSite\",\"@id\":\"https:\/\/www.musicapalazzo.com\/de\/#website\",\"url\":\"https:\/\/www.musicapalazzo.com\/de\/\",\"name\":\"Musica Palazzo\",\"description\":\"Associazione Culturale Music at the Palace\",\"potentialAction\":[{\"@type\":\"SearchAction\",\"target\":{\"@type\":\"EntryPoint\",\"urlTemplate\":\"https:\/\/www.musicapalazzo.com\/de\/?s={search_term_string}\"},\"query-input\":{\"@type\":\"PropertyValueSpecification\",\"valueRequired\":true,\"valueName\":\"search_term_string\"}}],\"inLanguage\":\"de-DE\"}]}<\/script>\n<!-- \/ Yoast SEO plugin. -->","yoast_head_json":{"title":"Palazzo Barbarigo Minotto - Musica Palazzo","robots":{"index":"index","follow":"follow","max-snippet":"max-snippet:-1","max-image-preview":"max-image-preview:large","max-video-preview":"max-video-preview:-1"},"canonical":"https:\/\/www.musicapalazzo.com\/de\/barbarigo-minotto-palace\/","og_locale":"de_DE","og_type":"article","og_title":"Palazzo Barbarigo Minotto - Musica Palazzo","og_description":"[vc_row][vc_column][vc_empty_space height=&#8221;100px&#8221;][\/vc_column][\/vc_row][vc_row][vc_column width=&#8221;1\/2&#8243; css=&#8221;.vc_custom_1554383581378{margin-left: 0px !important;padding-left: 0px !important;}&#8221;][vc_column_text] PALAZZO BARBARIGO MINOTTO Historische anmerkungen [\/vc_column_text][vc_empty_space][vc_column_text]Palazzo Barbarigo Minotto, der Palast liegt an der linken Seite des Canal Grande und besteht aus zwei Geb\u00e4uden, die im XVII. Jahrhundert zusammengebaut wurden: das \u00e4lteste Teil, Sitz der Musik im Palast,...","og_url":"https:\/\/www.musicapalazzo.com\/de\/barbarigo-minotto-palace\/","og_site_name":"Musica Palazzo","article_modified_time":"2019-04-16T11:16:10+00:00","twitter_card":"summary_large_image","twitter_misc":{"Est. reading time":"7 minutes"},"schema":{"@context":"https:\/\/schema.org","@graph":[{"@type":"WebPage","@id":"https:\/\/www.musicapalazzo.com\/de\/barbarigo-minotto-palace\/","url":"https:\/\/www.musicapalazzo.com\/de\/barbarigo-minotto-palace\/","name":"Palazzo Barbarigo Minotto - Musica Palazzo","isPartOf":{"@id":"https:\/\/www.musicapalazzo.com\/de\/#website"},"datePublished":"2018-04-26T14:33:13+00:00","dateModified":"2019-04-16T11:16:10+00:00","breadcrumb":{"@id":"https:\/\/www.musicapalazzo.com\/de\/barbarigo-minotto-palace\/#breadcrumb"},"inLanguage":"de-DE","potentialAction":[{"@type":"ReadAction","target":["https:\/\/www.musicapalazzo.com\/de\/barbarigo-minotto-palace\/"]}]},{"@type":"BreadcrumbList","@id":"https:\/\/www.musicapalazzo.com\/de\/barbarigo-minotto-palace\/#breadcrumb","itemListElement":[{"@type":"ListItem","position":1,"name":"Home","item":"https:\/\/www.musicapalazzo.com\/de\/"},{"@type":"ListItem","position":2,"name":"Palazzo Barbarigo Minotto"}]},{"@type":"WebSite","@id":"https:\/\/www.musicapalazzo.com\/de\/#website","url":"https:\/\/www.musicapalazzo.com\/de\/","name":"Musica Palazzo","description":"Associazione Culturale Music at the Palace","potentialAction":[{"@type":"SearchAction","target":{"@type":"EntryPoint","urlTemplate":"https:\/\/www.musicapalazzo.com\/de\/?s={search_term_string}"},"query-input":{"@type":"PropertyValueSpecification","valueRequired":true,"valueName":"search_term_string"}}],"inLanguage":"de-DE"}]}},"_links":{"self":[{"href":"https:\/\/www.musicapalazzo.com\/de\/wp-json\/wp\/v2\/pages\/76242","targetHints":{"allow":["GET"]}}],"collection":[{"href":"https:\/\/www.musicapalazzo.com\/de\/wp-json\/wp\/v2\/pages"}],"about":[{"href":"https:\/\/www.musicapalazzo.com\/de\/wp-json\/wp\/v2\/types\/page"}],"author":[{"embeddable":true,"href":"https:\/\/www.musicapalazzo.com\/de\/wp-json\/wp\/v2\/users\/101015"}],"replies":[{"embeddable":true,"href":"https:\/\/www.musicapalazzo.com\/de\/wp-json\/wp\/v2\/comments?post=76242"}],"version-history":[{"count":4,"href":"https:\/\/www.musicapalazzo.com\/de\/wp-json\/wp\/v2\/pages\/76242\/revisions"}],"predecessor-version":[{"id":76282,"href":"https:\/\/www.musicapalazzo.com\/de\/wp-json\/wp\/v2\/pages\/76242\/revisions\/76282"}],"wp:attachment":[{"href":"https:\/\/www.musicapalazzo.com\/de\/wp-json\/wp\/v2\/media?parent=76242"}],"curies":[{"name":"wp","href":"https:\/\/api.w.org\/{rel}","templated":true}]}}